{"id":2,"date":"2016-05-10T03:48:21","date_gmt":"2016-05-10T03:48:21","guid":{"rendered":"http:\/\/wp452m.a10-52-158-154.qa.plesk.ru\/wordpress\/?page_id=2"},"modified":"2023-11-29T00:38:38","modified_gmt":"2023-11-28T23:38:38","slug":"sample-page","status":"publish","type":"page","link":"https:\/\/journal.jaimes.cat\/","title":{"rendered":"Inici"},"content":{"rendered":"<p>[et_pb_section fb_built=&#8221;1&#8243; custom_padding_last_edited=&#8221;on|tablet&#8221; admin_label=&#8221;Header&#8221; _builder_version=&#8221;4.16&#8243; custom_padding=&#8221;0px||40px||false|false&#8221; custom_padding_tablet=&#8221;||0px||false|false&#8221; custom_padding_phone=&#8221;&#8221; global_colors_info=&#8221;{}&#8221;][et_pb_row column_structure=&#8221;2_3,1_3&#8243; make_equal=&#8221;on&#8221; custom_padding_last_edited=&#8221;off|desktop&#8221; _builder_version=&#8221;4.16&#8243; max_width=&#8221;none&#8221; min_height=&#8221;754.9px&#8221; custom_padding=&#8221;0px||0px||false|false&#8221; custom_padding_tablet=&#8221;||0px||false|false&#8221; box_shadow_style=&#8221;preset4&#8243; box_shadow_horizontal=&#8221;30vw&#8221; box_shadow_vertical=&#8221;0px&#8221; box_shadow_color=&#8221;#c5e0dc&#8221; global_colors_info=&#8221;{}&#8221;][et_pb_column type=&#8221;2_3&#8243; _builder_version=&#8221;4.16&#8243; custom_padding=&#8221;8vw|80px|60px||false|false&#8221; custom_padding_tablet=&#8221;|40px|||false|false&#8221; custom_padding_phone=&#8221;|20px|||false|false&#8221; custom_padding_last_edited=&#8221;on|phone&#8221; global_colors_info=&#8221;{}&#8221;][et_pb_image src=&#8221;https:\/\/journal.jaimes.cat\/wp-content\/uploads\/2020\/04\/logo-jaimes-journal-3-01.png&#8221; _builder_version=&#8221;4.16&#8243; width=&#8221;90%&#8221; module_alignment=&#8221;center&#8221; custom_margin=&#8221;15px|||||&#8221; custom_padding=&#8221;11px||55px|||&#8221; global_colors_info=&#8221;{}&#8221;][\/et_pb_image][\/et_pb_column][et_pb_column type=&#8221;1_3&#8243; _builder_version=&#8221;4.16&#8243; background_color=&#8221;#c5e0dc&#8221; custom_padding=&#8221;300px|50px|100px|50px|false|true&#8221; custom_padding_tablet=&#8221;100px||100px||true|false&#8221; custom_padding_phone=&#8221;60px||60px||true|false&#8221; custom_padding_last_edited=&#8221;on|tablet&#8221; global_colors_info=&#8221;{}&#8221;][et_pb_text _builder_version=&#8221;4.16&#8243; text_line_height=&#8221;1.8em&#8221; header_2_font=&#8221;Montserrat|700|||||||&#8221; header_2_text_color=&#8221;#000000&#8243; header_2_font_size=&#8221;4vw&#8221; header_2_line_height=&#8221;1.2em&#8221; custom_margin=&#8221;-268px|-8vw|||false|false&#8221; custom_margin_tablet=&#8221;|0vw|||false|false&#8221; custom_margin_phone=&#8221;&#8221; custom_margin_last_edited=&#8221;on|tablet&#8221; custom_padding=&#8221;||43px|||&#8221; header_2_font_size_tablet=&#8221;&#8221; header_2_font_size_phone=&#8221;36px&#8221; header_2_font_size_last_edited=&#8221;on|desktop&#8221; locked=&#8221;off&#8221; global_colors_info=&#8221;{}&#8221;]<\/p>\n<h2><strong>Que fem a la llibreria?<br \/> <em><\/em><\/strong><\/h2>\n<p><strong><\/strong><\/p>\n<h1><span style=\"font-size: x-large;\"><em>fins i tot quan no podem anar-hi<\/em><\/span><\/h1>\n<p>[\/et_pb_text][et_pb_text _builder_version=&#8221;4.16&#8243; text_font_size=&#8221;12px&#8221; text_line_height=&#8221;1.8em&#8221; header_2_font=&#8221;Montserrat|700|||||||&#8221; header_2_text_color=&#8221;#000000&#8243; header_2_font_size=&#8221;4vw&#8221; header_2_line_height=&#8221;1.2em&#8221; custom_margin=&#8221;|-8vw|-17px||false|false&#8221; custom_margin_tablet=&#8221;|0vw|||false|false&#8221; custom_margin_phone=&#8221;&#8221; custom_margin_last_edited=&#8221;on|tablet&#8221; header_2_font_size_tablet=&#8221;&#8221; header_2_font_size_phone=&#8221;36px&#8221; header_2_font_size_last_edited=&#8221;on|desktop&#8221; locked=&#8221;off&#8221; global_colors_info=&#8221;{}&#8221;]<\/p>\n<h3><strong>Subscriu-te!<\/strong><\/h3>\n<p>Si vols rebre les actualitzacions i informaci\u00f3 de les nostres activitats deixa&#8217;ns el teu correu electr\u00f2nic.<\/p>\n<p>[\/et_pb_text][et_pb_signup mailchimp_list=&#8221;llibreriajaimes|16558ac19f&#8221; layout=&#8221;top_bottom&#8221; first_name_field=&#8221;off&#8221; last_name_field=&#8221;off&#8221; button_text=&#8221;Subscriu-me&#8221; use_spam_service=&#8221;on&#8221; recaptcha_list=&#8221;journal-0&#8243; _builder_version=&#8221;4.16&#8243; form_field_background_color=&#8221;rgba(0,0,0,0)&#8221; form_field_text_color=&#8221;rgba(0,0,0,0.5)&#8221; form_field_focus_text_color=&#8221;#000000&#8243; form_field_font=&#8221;|||on|||||&#8221; form_field_font_size=&#8221;13px&#8221; form_field_letter_spacing=&#8221;3px&#8221; form_field_line_height=&#8221;1.8em&#8221; use_background_color=&#8221;off&#8221; custom_button=&#8221;on&#8221; button_text_size=&#8221;14px&#8221; button_bg_color=&#8221;#000000&#8243; button_border_width=&#8221;8px&#8221; button_border_color=&#8221;rgba(0,0,0,0)&#8221; button_border_radius=&#8221;0px&#8221; button_letter_spacing=&#8221;2px&#8221; button_font=&#8221;|800||on|||||&#8221; button_icon=&#8221;&#x24;||divi||400&#8243; custom_margin=&#8221;|-8vw|-60px||false|false&#8221; custom_margin_tablet=&#8221;|0vw|||false|false&#8221; custom_margin_phone=&#8221;&#8221; custom_margin_last_edited=&#8221;on|tablet&#8221; border_radii_fields=&#8221;on|0px|0px|0px|0px&#8221; border_width_all_fields=&#8221;1px&#8221; border_color_all_fields=&#8221;#000000&#8243; locked=&#8221;off&#8221; global_colors_info=&#8221;{}&#8221;][\/et_pb_signup][\/et_pb_column][\/et_pb_row][et_pb_row _builder_version=&#8221;4.23.1&#8243; _module_preset=&#8221;default&#8221; width=&#8221;100%&#8221; hover_enabled=&#8221;0&#8243; global_colors_info=&#8221;{}&#8221; sticky_enabled=&#8221;0&#8243;][et_pb_column type=&#8221;4_4&#8243; _builder_version=&#8221;4.23.1&#8243; _module_preset=&#8221;default&#8221; global_colors_info=&#8221;{}&#8221;][et_pb_blog include_categories=&#8221;6&#8243; _builder_version=&#8221;4.23.1&#8243; _module_preset=&#8221;default&#8221; width=&#8221;100%&#8221; hover_enabled=&#8221;0&#8243; global_colors_info=&#8221;{}&#8221; fullwidth=&#8221;off&#8221; sticky_enabled=&#8221;0&#8243;][\/et_pb_blog][\/et_pb_column][\/et_pb_row][\/et_pb_section][et_pb_section fb_built=&#8221;1&#8243; _builder_version=&#8221;4.16&#8243; global_colors_info=&#8221;{}&#8221;][et_pb_row column_structure=&#8221;1_2,1_2&#8243; _builder_version=&#8221;4.16&#8243; width=&#8221;89%&#8221; global_colors_info=&#8221;{}&#8221;][et_pb_column type=&#8221;1_2&#8243; _builder_version=&#8221;4.16&#8243; global_colors_info=&#8221;{}&#8221;][et_pb_code _builder_version=&#8221;4.16&#8243; custom_margin=&#8221;0px|0px||0px|false|false&#8221; custom_padding=&#8221;0px|0px|0px|0px|false|false&#8221; global_colors_info=&#8221;{}&#8221;]        <style type=\"text\/css\">\n                .fts-facebook-add-more-posts-notice {\n            display: none !important;\n        }\n        \n        <\/style><div class=\"fts-jal-fb-header\"><\/div><div class=\"fts-jal-fb-group-display fts-simple-fb-wrapper feed_dynamic_classidvbjyycbh_page\"><div class=\"fts-jal-single-fb-post\"><div  class=\"fts-jal-fb-right-wrap\"><div class=\"fts-jal-fb-top-wrap \"><div class=\"fts-jal-fb-user-thumb\"><a href=\"https:\/\/www.facebook.com\/778498652220999\" target=\"_blank\" rel=\"noreferrer\"><img decoding=\"async\" border=\"0\" alt=\"Llibreria Jaimes\" src=\"https:\/\/scontent-mad2-1.xx.fbcdn.net\/v\/t39.30808-1\/301972812_941208176822488_343347245963773494_n.jpg?stp=c300.0.1448.1448a_cp0_dst-jpg_s50x50_tt6&amp;_nc_cat=110&amp;ccb=1-7&amp;_nc_sid=f907e8&amp;_nc_ohc=LiInMVVNT8AQ7kNvwFbuyXx&amp;_nc_oc=Adq21Djp7GPD8Ok3XKevfRTVoQ9e55bxhYIMTDej0PTmbnLrwSHOVbLeuJz7yEUpntw&amp;_nc_zt=24&amp;_nc_ht=scontent-mad2-1.xx&amp;edm=AJdBtusEAAAA&amp;_nc_gid=T3qKGnXXJ_BaCZy3v7ugBg&amp;_nc_tpa=Q5bMBQGA1R48jI-UTEzBOg0z2oqfc_54O_EYyAQNUYd19chWhVEYZuQ924Y2F0A8gGBHM2x3nH0MgVqbUw&amp;oh=00_Af27ZOFj04FlaeivXPI7GevlOoL6F5MFx13EsjiLE1OFWg&amp;oe=69F65823\"\/><\/a><\/div><span class=\"fts-jal-fb-user-name\"><a href=\"https:\/\/www.facebook.com\/778498652220999\" target=\"_blank\" rel=\"noreferrer\">Llibreria Jaimes<\/a><\/span><span class=\"fts-jal-fb-post-time\">2 months ago<\/span><div class=\"fts-clear\"><\/div><div class=\"fts-jal-fb-message\">El pr\u00f2xim dilluns 9 de mar\u00e7, a les 18:30, us convidem a Lectures de la modernitat po\u00e8tica 89, un cicle organitzat per Antoni Clap\u00e9s. En aquesta ocasi\u00f3, el poeta conversar\u00e0 amb Jordi Camell sobre el seu llibre 'Passos en el silenci. El silenci en els Pr\u00e9ludes de Claude Debussy.' El pianista tamb\u00e9 interpretar\u00e0 peces en directe. Us esperem a la llibreria.<div class=\"fts-clear\"><\/div><\/div><\/div><div class=\"fts-jal-fb-link-wrap fts-album-photos-wrap\"><div class=\"fts-clear\"><\/div><div id=\"qjnguibxyn_page\" class=\"fts-more-photos-2-or-3-photos fts-fb-more-photos-wrap fts-facebook-inline-block-centered fts-more-photos-auto-width\" style=\"max-width:100%;\" data-ftsi-id=qjnguibxyn_page data-ftsi-columns=\"2\" data-ftsi-margin=\"1px\" data-ftsi-force-columns=\"yes\"><a href=\"https:\/\/www.facebook.com\/963676707908968\/posts\/1876785576598072\" target=\"_blank\" rel=\"noreferrer\" class=\"slicker-facebook-placeholder fts-fb-thumbs-wrap fts-2-photos fts-fb-thumb-zero-wrap fts-fb-large-photo\" style=\"background:url(https:\/\/scontent-mad2-1.xx.fbcdn.net\/v\/t51.82787-15\/648683438_18512267239077449_2397032950672737010_n.webp?stp=dst-jpg_s720x720_tt6&#038;_nc_cat=111&#038;ccb=1-7&#038;_nc_sid=13d280&#038;_nc_ohc=xcbjOljHldgQ7kNvwFu6ksE&#038;_nc_oc=AdoeaPkAiwDa8NR88bEge6WAM6IFk-d48lPzyOeRV5_8xkzCVKhubPLadNAHk0ymzzQ&#038;_nc_zt=23&#038;_nc_ht=scontent-mad2-1.xx&#038;edm=AKIiGfEEAAAA&#038;_nc_gid=aRbW6MCl3kBtqe4FfE4I2g&#038;_nc_tpa=Q5bMBQHZpuZeg3eCAA0OsS5ZmrVM9_96OcOlClT6jD65LatZjAJLpdvFf5CyomFVWGqaHU7nS6YNg8ezfg&#038;oh=00_Af0Z_TYud5LozCV1PfjpCdwayMGExhBnUhpT2ieGxGYGlA&#038;oe=69F6761C);\" title=\"Picture from Facebook\" aria-label=\"Picture from Facebook\"><\/a><a href=\"https:\/\/www.facebook.com\/photo.php?fbid=1876785553264741&#038;set=a.941208146822491&#038;type=3\" target=\"_blank\" rel=\"noreferrer\" class=\"slicker-facebook-placeholder fts-fb-thumbs-wrap fts-2-photos fts-fb-thumb-zero-wrap fts-fb-large-photo\" style=\"background:url(https:\/\/scontent-mad2-1.xx.fbcdn.net\/v\/t51.82787-15\/648221512_18512267251077449_6378857087210453276_n.webp?stp=dst-jpg_s720x720_tt6&#038;_nc_cat=110&#038;ccb=1-7&#038;_nc_sid=13d280&#038;_nc_ohc=S4ZJb0YIbQgQ7kNvwF5dM4I&#038;_nc_oc=AdoYxQs2AP44XcH8azVoe6Fcsk-sBm24vVaVqzvHH8qV7U_ldQD_GDhjgFoARLbAHKg&#038;_nc_zt=23&#038;_nc_ht=scontent-mad2-1.xx&#038;edm=AKIiGfEEAAAA&#038;_nc_gid=aRbW6MCl3kBtqe4FfE4I2g&#038;_nc_tpa=Q5bMBQHO9Anvco1mVQhCyL_JBF-O-qTm9AdUlcej5sMZJbAJv-JqlWec0LyuIW1dRP_Jj4bY4lQ1w8mKqw&#038;oh=00_Af3E2pTUfdEzJciuTwTt0GtvMeRV5UciDv1RVLZZxPbD0g&#038;oe=69F665B0);\" title=\"Picture from Facebook\" aria-label=\"Picture from Facebook\"><\/a><\/div><div class=\"slicker-facebook-album-photoshadow\"><\/div><div class=\"fts-clear\"><\/div><\/div><div class=\"fts-clear\"><\/div><\/div><div class=\"fts-likes-shares-etc-wrap\"><a href=\"https:\/\/www.facebook.com\/963676707908968\/posts\/1876785576598072\" target=\"_blank\" rel=\"noreferrer\" class=\"fts-jal-fb-see-more\"><span class=\"fts-count-wrap fts-likes-wrap\"><i class='icon-thumbs-up'><\/i>3<\/span><span class=\"fts-count-wrap fts-comments-wrap\"><\/span><span class=\"fts-count-wrap fts-shares-wrap\"><\/span><span class=\"fts-view-on-facebook\">View on Facebook<\/span><\/a><\/div><div class=\"fts-clear\"><\/div><\/div><div class='fts-fb-photo-post-wrap fts-jal-single-fb-post' ><div  class=\"fts-jal-fb-right-wrap\"><div class=\"fts-jal-fb-top-wrap \"><div class=\"fts-jal-fb-user-thumb\"><a href=\"https:\/\/www.facebook.com\/778498652220999\" target=\"_blank\" rel=\"noreferrer\"><img decoding=\"async\" border=\"0\" alt=\"Llibreria Jaimes\" src=\"https:\/\/scontent-mad2-1.xx.fbcdn.net\/v\/t39.30808-1\/301972812_941208176822488_343347245963773494_n.jpg?stp=c300.0.1448.1448a_cp0_dst-jpg_s50x50_tt6&amp;_nc_cat=110&amp;ccb=1-7&amp;_nc_sid=f907e8&amp;_nc_ohc=LiInMVVNT8AQ7kNvwFbuyXx&amp;_nc_oc=Adq21Djp7GPD8Ok3XKevfRTVoQ9e55bxhYIMTDej0PTmbnLrwSHOVbLeuJz7yEUpntw&amp;_nc_zt=24&amp;_nc_ht=scontent-mad2-1.xx&amp;edm=AJdBtusEAAAA&amp;_nc_gid=T3qKGnXXJ_BaCZy3v7ugBg&amp;_nc_tpa=Q5bMBQGA1R48jI-UTEzBOg0z2oqfc_54O_EYyAQNUYd19chWhVEYZuQ924Y2F0A8gGBHM2x3nH0MgVqbUw&amp;oh=00_Af27ZOFj04FlaeivXPI7GevlOoL6F5MFx13EsjiLE1OFWg&amp;oe=69F65823\"\/><\/a><\/div><span class=\"fts-jal-fb-user-name\"><a href=\"https:\/\/www.facebook.com\/778498652220999\" target=\"_blank\" rel=\"noreferrer\">Llibreria Jaimes<\/a><\/span><span class=\"fts-jal-fb-post-time\">2 months ago<\/span><div class=\"fts-clear\"><\/div><div class=\"fts-jal-fb-message\">Ils sont ici, on vous attend !<div class=\"fts-clear\"><\/div><\/div><\/div><div class=\"fts-jal-fb-link-wrap fts-album-photos-wrap\"><a href=\"https:\/\/www.facebook.com\/photo.php?fbid=1864920251117938&#038;set=a.941208146822491&#038;type=3\" target=\"_blank\" rel=\"noreferrer\" class=\"fts-jal-fb-picture\"><img decoding=\"async\" border=\"0\" alt=\"Llibreria Jaimes\" src=\"https:\/\/scontent-mad2-1.xx.fbcdn.net\/v\/t51.82787-15\/638303859_18509876440077449_7960746281473311970_n.webp?stp=dst-jpg_s960x960_tt6&#038;_nc_cat=111&#038;ccb=1-7&#038;_nc_sid=13d280&#038;_nc_ohc=sYi_UM9LOpIQ7kNvwE4aPeA&#038;_nc_oc=AdpJ4Y1dlgWbM9CCnexxVpLGRKCzB50wFNw_jg7JAgNBhBt06gan0XmKFtGRUBWk948&#038;_nc_zt=23&#038;_nc_ht=scontent-mad2-1.xx&#038;edm=AKIiGfEEAAAA&#038;_nc_gid=aRbW6MCl3kBtqe4FfE4I2g&#038;_nc_tpa=Q5bMBQGmtkspVYyjJvXSvtRgTzBTpK5vgaSzxZiOibBr1n22ky1n3jPplx1KuscB9WloH676fcf3rbdVvA&#038;oh=00_Af1w9jXY0ezhILJm_Qm9hmjVOVgGeqiCbHfbkdYet1fcYA&#038;oe=69F67E40\"\/><\/a><div class=\"slicker-facebook-album-photoshadow\"><\/div><div class=\"fts-jal-fb-description-wrap fts-photo-caption-text\"><div class=\"fts-clear\"><\/div><\/div><div class=\"fts-clear\"><\/div><\/div><div class=\"fts-clear\"><\/div><\/div><div class=\"fts-likes-shares-etc-wrap\"><a href=\"https:\/\/www.facebook.com\/photo.php?fbid=1864920251117938&#038;set=a.941208146822491&#038;type=3\" target=\"_blank\" rel=\"noreferrer\" class=\"fts-jal-fb-see-more\"><span class=\"fts-count-wrap fts-likes-wrap\"><i class='icon-thumbs-up'><\/i>6<\/span><span class=\"fts-count-wrap fts-comments-wrap\"><\/span><span class=\"fts-count-wrap fts-shares-wrap\"><\/span><span class=\"fts-view-on-facebook\">View on Facebook<\/span><\/a><\/div><div class=\"fts-clear\"><\/div><\/div><div class='fts-fb-photo-post-wrap fts-jal-single-fb-post' ><div  class=\"fts-jal-fb-right-wrap\"><div class=\"fts-jal-fb-top-wrap \"><div class=\"fts-jal-fb-user-thumb\"><a href=\"https:\/\/www.facebook.com\/778498652220999\" target=\"_blank\" rel=\"noreferrer\"><img decoding=\"async\" border=\"0\" alt=\"Llibreria Jaimes\" src=\"https:\/\/scontent-mad2-1.xx.fbcdn.net\/v\/t39.30808-1\/301972812_941208176822488_343347245963773494_n.jpg?stp=c300.0.1448.1448a_cp0_dst-jpg_s50x50_tt6&amp;_nc_cat=110&amp;ccb=1-7&amp;_nc_sid=f907e8&amp;_nc_ohc=LiInMVVNT8AQ7kNvwFbuyXx&amp;_nc_oc=Adq21Djp7GPD8Ok3XKevfRTVoQ9e55bxhYIMTDej0PTmbnLrwSHOVbLeuJz7yEUpntw&amp;_nc_zt=24&amp;_nc_ht=scontent-mad2-1.xx&amp;edm=AJdBtusEAAAA&amp;_nc_gid=T3qKGnXXJ_BaCZy3v7ugBg&amp;_nc_tpa=Q5bMBQGA1R48jI-UTEzBOg0z2oqfc_54O_EYyAQNUYd19chWhVEYZuQ924Y2F0A8gGBHM2x3nH0MgVqbUw&amp;oh=00_Af27ZOFj04FlaeivXPI7GevlOoL6F5MFx13EsjiLE1OFWg&amp;oe=69F65823\"\/><\/a><\/div><span class=\"fts-jal-fb-user-name\"><a href=\"https:\/\/www.facebook.com\/778498652220999\" target=\"_blank\" rel=\"noreferrer\">Llibreria Jaimes<\/a><\/span><span class=\"fts-jal-fb-post-time\">3 months ago<\/span><div class=\"fts-clear\"><\/div><div class=\"fts-jal-fb-message\">Jaimes est la librairie officielle de la vingt-et-uni\u00e8me \u00e9dition de BCNegra, le festival de roman noir de Barcelone. Jetez un \u0153il au programme , <a href=\"https:\/\/www.facebook.com\/bcnliteratura\" target=\"_blank\" rel=\"noreferrer\">@bcnliteratura<\/a> , et venez profiter des tables rondes et des diff\u00e9rentes activit\u00e9s. \ud83d\udd2a Enguany, Jaimes \u00e9s la llibreria oficial de la BCNegra, la cita dels amants de la novel\u2022la negra des de fa vint-i-un anys. Serem al <a href=\"https:\/\/www.facebook.com\/parallel62bcn\" target=\"_blank\" rel=\"noreferrer\">@parallel62bcn<\/a> , <a href=\"https:\/\/www.facebook.com\/lapalomabcn\" target=\"_blank\" rel=\"noreferrer\">@lapalomabcn<\/a> i al Cinema Bosque servint-vos els llibres dels autors de la setmana. <br \/>\nUs hi esperem!<div class=\"fts-clear\"><\/div><\/div><\/div><div class=\"fts-jal-fb-link-wrap fts-album-photos-wrap\"><a href=\"https:\/\/www.facebook.com\/photo.php?fbid=1848720186071278&#038;set=a.941208146822491&#038;type=3\" target=\"_blank\" rel=\"noreferrer\" class=\"fts-jal-fb-picture\"><img decoding=\"async\" border=\"0\" alt=\"Llibreria Jaimes\" src=\"https:\/\/scontent-mad2-1.xx.fbcdn.net\/v\/t51.82787-15\/625988979_18504856699077449_7003177699645727676_n.webp?stp=dst-jpg_s960x960_tt6&#038;_nc_cat=104&#038;ccb=1-7&#038;_nc_sid=13d280&#038;_nc_ohc=AZuPAyChVP8Q7kNvwEJzv_N&#038;_nc_oc=AdphTOqPj_6lEnBytc5nspKhoTdgIXLpJYKhPcAgOVhheuTEDiAIuhLxEDQtNuEvmrA&#038;_nc_zt=23&#038;_nc_ht=scontent-mad2-1.xx&#038;edm=AKIiGfEEAAAA&#038;_nc_gid=aRbW6MCl3kBtqe4FfE4I2g&#038;_nc_tpa=Q5bMBQFdjDWWRQjeyyMb1F_8fi6jm9GpHsSqrshJ6ofezb0dIeaceOl40Yt_rb3Cue9qwzjjt5p1TZM_PQ&#038;oh=00_Af2t-UEL-NxbRyVdTGSQBZMZX3GWWIiXP34gUdPymM1wTw&#038;oe=69F6702B\"\/><\/a><div class=\"slicker-facebook-album-photoshadow\"><\/div><div class=\"fts-jal-fb-description-wrap fts-photo-caption-text\"><div class=\"fts-clear\"><\/div><\/div><div class=\"fts-clear\"><\/div><\/div><div class=\"fts-clear\"><\/div><\/div><div class=\"fts-likes-shares-etc-wrap\"><a href=\"https:\/\/www.facebook.com\/photo.php?fbid=1848720186071278&#038;set=a.941208146822491&#038;type=3\" target=\"_blank\" rel=\"noreferrer\" class=\"fts-jal-fb-see-more\"><span class=\"fts-count-wrap fts-likes-wrap\"><i class='icon-thumbs-up'><\/i>30<\/span><span class=\"fts-count-wrap fts-comments-wrap\"><i class='icon-comments'><\/i>1<\/span><span class=\"fts-count-wrap fts-shares-wrap\"><\/span><span class=\"fts-view-on-facebook\">View on Facebook<\/span><\/a><\/div><div class=\"fts-clear\"><\/div><\/div><div class=\"fts-jal-single-fb-post fts-fb-video-post-wrap\" ><div  class=\"fts-jal-fb-right-wrap\"><div class=\"fts-jal-fb-top-wrap \"><div class=\"fts-jal-fb-user-thumb\"><a href=\"https:\/\/www.facebook.com\/778498652220999\" target=\"_blank\" rel=\"noreferrer\"><img decoding=\"async\" border=\"0\" alt=\"Llibreria Jaimes\" src=\"https:\/\/scontent-mad2-1.xx.fbcdn.net\/v\/t39.30808-1\/301972812_941208176822488_343347245963773494_n.jpg?stp=c300.0.1448.1448a_cp0_dst-jpg_s50x50_tt6&amp;_nc_cat=110&amp;ccb=1-7&amp;_nc_sid=f907e8&amp;_nc_ohc=LiInMVVNT8AQ7kNvwFbuyXx&amp;_nc_oc=Adq21Djp7GPD8Ok3XKevfRTVoQ9e55bxhYIMTDej0PTmbnLrwSHOVbLeuJz7yEUpntw&amp;_nc_zt=24&amp;_nc_ht=scontent-mad2-1.xx&amp;edm=AJdBtusEAAAA&amp;_nc_gid=T3qKGnXXJ_BaCZy3v7ugBg&amp;_nc_tpa=Q5bMBQGA1R48jI-UTEzBOg0z2oqfc_54O_EYyAQNUYd19chWhVEYZuQ924Y2F0A8gGBHM2x3nH0MgVqbUw&amp;oh=00_Af27ZOFj04FlaeivXPI7GevlOoL6F5MFx13EsjiLE1OFWg&amp;oe=69F65823\"\/><\/a><\/div><span class=\"fts-jal-fb-user-name\"><a href=\"https:\/\/www.facebook.com\/778498652220999\" target=\"_blank\" rel=\"noreferrer\">Llibreria Jaimes<\/a><\/span><span class=\"fts-jal-fb-post-time\">4 months ago<\/span><div class=\"fts-clear\"><\/div><div class=\"fts-jal-fb-message\">Venez vite nous rendre visite. On y est bien, Il y fait bon et vous trouverez touuuuus les cadeaux de No\u00ebl et si vous ne savez pas quoi offrir, parlons-en et on les trouvera ensemble ! \ud83e\udd70<div class=\"fts-clear\"><\/div><\/div><\/div><div class=\"fts-jal-fb-vid-wrap\"><div class=\"fts-jal-fb-vid-picture feed_dynamic_video_classnvupjvirmv_page\"><img decoding=\"async\" class=\"fts-jal-fb-vid-image\" border=\"0\" alt=\"Llibreria Jaimes\" src=\"https:\/\/scontent-mad2-1.xx.fbcdn.net\/v\/t51.71878-10\/587784535_1841859313104395_3951978935391019692_n.jpg?stp=dst-jpg_s720x720_tt6&#038;_nc_cat=109&#038;ccb=1-7&#038;_nc_sid=5fad0e&#038;_nc_ohc=gAaYGHtuY2YQ7kNvwHccsGd&#038;_nc_oc=AdqMnlzlZtJHn3O-VJeE4tWeIYcwGnTs3zS_GJic21SYDSjQXc7BXjdM2fliEZBtOro&#038;_nc_zt=23&#038;_nc_ht=scontent-mad2-1.xx&#038;edm=AKIiGfEEAAAA&#038;_nc_gid=aRbW6MCl3kBtqe4FfE4I2g&#038;_nc_tpa=Q5bMBQGHRbyrbP83REiweYBu44KIQgTSJQPURJHRKIcuI2-upsfyn-uJem7NixpGlimt2UPnSJFgS5fp6g&#038;oh=00_Af3fASqDpApQ1LifKix7o8qCwk385zqCtaB_lIbH6_O86A&#038;oe=69F66BCB\"\/><div class=\"fts-jal-fb-vid-play-btn\"><\/div><\/div><div class=\"fts-fb-embed-iframe-check-used-for-popup fts-fb-embed-yes\"><div class=fts-greater-than-width-height data-width=\"406\" data-height=\"720\"><\/div><\/div><script> jQuery(document).ready(function() {\n                                    jQuery(\".feed_dynamic_video_classnvupjvirmv_page\").click(function() {\n                                        if (!jQuery(this).hasClass(\"fts-iframe-loaded\")) {\n                                            jQuery(this).addClass(\"fts-iframe-loaded\");\n                                            jQuery(this).addClass(\"fts-vid-div\");\n                                            jQuery(this).removeClass(\"fts-jal-fb-vid-picture\");\n                                            jQuery(this).find(\"img\").hide();\n                                            jQuery(this).prepend('<div class=\"fts-greater-than-width-height fts-fb-video-on-page\"><iframe style=\"background:none !important\" class=\"video-778498652220999_1813851539558143\" src=\"https:\/\/www.facebook.com\/plugins\/video.php?href=https%3A%2F%2Fwww.facebook.com%2F778498652220999%2Fvideos%2F833100649714447%2F&#038;autoplay=true\" frameborder=\"0\" allowfullscreen><\/iframe><\/div>');\n                                            jQuery( \".feed_dynamic_video_classnvupjvirmv_page.fts-greater-than-width-height.fts-fb-video-on-page, .feed_dynamic_video_classnvupjvirmv_page iframe\" ).css({\"height\": \"720px\", \"width\": \"406px\"});\n                                                                                    }\n                                    }); }); <\/script><div class=\"fts-clear\"><\/div><\/div><div class=\"fts-clear\"><\/div><\/div><div class=\"fts-likes-shares-etc-wrap\"><a href=\"https:\/\/www.facebook.com\/778498652220999_778498652220999_1813851539558143\" target=\"_blank\" rel=\"noreferrer\" class=\"fts-jal-fb-see-more\"><span class=\"fts-count-wrap fts-likes-wrap\"><i class='icon-thumbs-up'><\/i>20<\/span><span class=\"fts-count-wrap fts-comments-wrap\"><\/span><span class=\"fts-count-wrap fts-shares-wrap\"><span class='fts-count-wrap fts-shares-wrap'><i class='icon-file'><\/i>1<\/span><\/span><span class=\"fts-view-on-facebook\">View on Facebook<\/span><\/a><\/div><div class=\"fts-clear\"><\/div><\/div><div class=\"fts-jal-single-fb-post\"><div  class=\"fts-jal-fb-right-wrap\"><div class=\"fts-jal-fb-top-wrap \"><div class=\"fts-jal-fb-user-thumb\"><a href=\"https:\/\/www.facebook.com\/778498652220999\" target=\"_blank\" rel=\"noreferrer\"><img decoding=\"async\" border=\"0\" alt=\"Llibreria Jaimes\" src=\"https:\/\/scontent-mad2-1.xx.fbcdn.net\/v\/t39.30808-1\/301972812_941208176822488_343347245963773494_n.jpg?stp=c300.0.1448.1448a_cp0_dst-jpg_s50x50_tt6&amp;_nc_cat=110&amp;ccb=1-7&amp;_nc_sid=f907e8&amp;_nc_ohc=LiInMVVNT8AQ7kNvwFbuyXx&amp;_nc_oc=Adq21Djp7GPD8Ok3XKevfRTVoQ9e55bxhYIMTDej0PTmbnLrwSHOVbLeuJz7yEUpntw&amp;_nc_zt=24&amp;_nc_ht=scontent-mad2-1.xx&amp;edm=AJdBtusEAAAA&amp;_nc_gid=T3qKGnXXJ_BaCZy3v7ugBg&amp;_nc_tpa=Q5bMBQGA1R48jI-UTEzBOg0z2oqfc_54O_EYyAQNUYd19chWhVEYZuQ924Y2F0A8gGBHM2x3nH0MgVqbUw&amp;oh=00_Af27ZOFj04FlaeivXPI7GevlOoL6F5MFx13EsjiLE1OFWg&amp;oe=69F65823\"\/><\/a><\/div><span class=\"fts-jal-fb-user-name\"><a href=\"https:\/\/www.facebook.com\/778498652220999\" target=\"_blank\" rel=\"noreferrer\">Llibreria Jaimes<\/a><\/span><span class=\"fts-jal-fb-post-time\">6 months ago<\/span><div class=\"fts-clear\"><\/div><div class=\"fts-jal-fb-message\">Presentaci\u00f3 del llibre : \" Dinou mirades sobre un poema de Wang Wei (i unes quantes m\u00e9s) \"<br \/>\n<br \/>\nAmb Manel Oll\u00e9, Joshu M. Clar\u00e0, Dolors Udina, Antoni Clap\u00e9s i exposici\u00f3 de cal\u00b7ligrafies<br \/>\n<br \/>\nUn treball fascinant fet a partir de dinou traduccions a l\u00b4angl\u00e8s d\u00b4una quarteta del poeta xin\u00e8s Wang Wei de la dinastia Tang. La majoria dels traductors que hi inclo\u00efa eren angloparlants nascuts al segle XX. Per a la nostra edici\u00f3, el poeta i professor Manel Oll\u00e9 ha fet una introducci\u00f3 als treballs que s\u00b4han produ\u00eft en el nostre \u00e0mbit i Joshu M. Clar\u00e0 ha fet una excel\u00b7lent versi\u00f3 cal\u00b7ligr\u00e0fica del poema.<div class=\"fts-clear\"><\/div><\/div><\/div><div class=\"fts-jal-fb-link-wrap fts-album-photos-wrap\"><div class=\"fts-clear\"><\/div><div id=\"dqqavcjrra_page\" class=\"fts-more-photos-2-or-3-photos fts-fb-more-photos-wrap fts-facebook-inline-block-centered fts-more-photos-auto-width\" style=\"max-width:100%;\" data-ftsi-id=dqqavcjrra_page data-ftsi-columns=\"2\" data-ftsi-margin=\"1px\" data-ftsi-force-columns=\"yes\"><a href=\"https:\/\/www.facebook.com\/963676707908968\/posts\/1769382367338394\" target=\"_blank\" rel=\"noreferrer\" class=\"slicker-facebook-placeholder fts-fb-thumbs-wrap fts-2-photos fts-fb-thumb-zero-wrap fts-fb-large-photo\" style=\"background:url(https:\/\/scontent-mad1-1.xx.fbcdn.net\/v\/t51.82787-15\/570366699_18488276479077449_161384958199605535_n.webp?stp=dst-jpg_s720x720_tt6&#038;_nc_cat=102&#038;ccb=1-7&#038;_nc_sid=13d280&#038;_nc_ohc=TCOHSG8_wSAQ7kNvwHTzggF&#038;_nc_oc=AdqrtMWzWEGZLPdDz6pGqcAfYVAVsZLxrPDY0elXIPZ-QyGN8nUjgM20SJQ-uQlNOng&#038;_nc_zt=23&#038;_nc_ht=scontent-mad1-1.xx&#038;edm=AKIiGfEEAAAA&#038;_nc_gid=aRbW6MCl3kBtqe4FfE4I2g&#038;_nc_tpa=Q5bMBQGVE77fspUmMHGcsK62548QwGzhZgMvQQ2Ot2ZLXYKTIfye8Zgr18CjkyPeh8oaExLsbYGhhG9D_Q&#038;oh=00_Af1CUUNytkpbyg89OjXRldnYFKs7jKopF4YlsNZj9OvoBw&#038;oe=69F66B91);\" title=\"Picture from Facebook\" aria-label=\"Picture from Facebook\"><\/a><a href=\"https:\/\/www.facebook.com\/photo.php?fbid=1769382350671729&#038;set=a.941208146822491&#038;type=3\" target=\"_blank\" rel=\"noreferrer\" class=\"slicker-facebook-placeholder fts-fb-thumbs-wrap fts-2-photos fts-fb-thumb-zero-wrap fts-fb-large-photo\" style=\"background:url(https:\/\/scontent-mad2-1.xx.fbcdn.net\/v\/t51.82787-15\/570715052_18488276488077449_2699353590210608124_n.webp?stp=dst-jpg_s720x720_tt6&#038;_nc_cat=104&#038;ccb=1-7&#038;_nc_sid=13d280&#038;_nc_ohc=2rO6IGAA0HgQ7kNvwH-af-4&#038;_nc_oc=AdquDdkY1DHqJfI9KholzVsQ2FTRl1Z_zRsPfJRQSrNfArJaXN-y3DNpM9DiW7E5Znw&#038;_nc_zt=23&#038;_nc_ht=scontent-mad2-1.xx&#038;edm=AKIiGfEEAAAA&#038;_nc_gid=aRbW6MCl3kBtqe4FfE4I2g&#038;_nc_tpa=Q5bMBQFMCFNGM4T27fvPQYSjT3zeP9SSPcS0J65rttZw-uKXS60BTPWs5WmMvR2z0YuxNTDFlhlkSmRI4w&#038;oh=00_Af3Lw3WsbepirgPjGq8QddGOUmmJQfJa2ryKFfDG9rDtVg&#038;oe=69F653CA);\" title=\"Picture from Facebook\" aria-label=\"Picture from Facebook\"><\/a><\/div><div class=\"slicker-facebook-album-photoshadow\"><\/div><div class=\"fts-clear\"><\/div><\/div><div class=\"fts-clear\"><\/div><\/div><div class=\"fts-likes-shares-etc-wrap\"><a href=\"https:\/\/www.facebook.com\/963676707908968\/posts\/1769382367338394\" target=\"_blank\" rel=\"noreferrer\" class=\"fts-jal-fb-see-more\"><span class=\"fts-count-wrap fts-likes-wrap\"><i class='icon-thumbs-up'><\/i>1<\/span><span class=\"fts-count-wrap fts-comments-wrap\"><\/span><span class=\"fts-count-wrap fts-shares-wrap\"><span class='fts-count-wrap fts-shares-wrap'><i class='icon-file'><\/i>9<\/span><\/span><span class=\"fts-view-on-facebook\">View on Facebook<\/span><\/a><\/div><div class=\"fts-clear\"><\/div><\/div><div class=\"fts-jal-single-fb-post fts-fb-video-post-wrap\" ><div  class=\"fts-jal-fb-right-wrap\"><div class=\"fts-jal-fb-top-wrap \"><div class=\"fts-jal-fb-user-thumb\"><a href=\"https:\/\/www.facebook.com\/778498652220999\" target=\"_blank\" rel=\"noreferrer\"><img decoding=\"async\" border=\"0\" alt=\"Llibreria Jaimes\" src=\"https:\/\/scontent-mad2-1.xx.fbcdn.net\/v\/t39.30808-1\/301972812_941208176822488_343347245963773494_n.jpg?stp=c300.0.1448.1448a_cp0_dst-jpg_s50x50_tt6&amp;_nc_cat=110&amp;ccb=1-7&amp;_nc_sid=f907e8&amp;_nc_ohc=LiInMVVNT8AQ7kNvwFbuyXx&amp;_nc_oc=Adq21Djp7GPD8Ok3XKevfRTVoQ9e55bxhYIMTDej0PTmbnLrwSHOVbLeuJz7yEUpntw&amp;_nc_zt=24&amp;_nc_ht=scontent-mad2-1.xx&amp;edm=AJdBtusEAAAA&amp;_nc_gid=T3qKGnXXJ_BaCZy3v7ugBg&amp;_nc_tpa=Q5bMBQGA1R48jI-UTEzBOg0z2oqfc_54O_EYyAQNUYd19chWhVEYZuQ924Y2F0A8gGBHM2x3nH0MgVqbUw&amp;oh=00_Af27ZOFj04FlaeivXPI7GevlOoL6F5MFx13EsjiLE1OFWg&amp;oe=69F65823\"\/><\/a><\/div><span class=\"fts-jal-fb-user-name\"><a href=\"https:\/\/www.facebook.com\/778498652220999\" target=\"_blank\" rel=\"noreferrer\">Llibreria Jaimes<\/a><\/span><span class=\"fts-jal-fb-post-time\">6 months ago<\/span><div class=\"fts-clear\"><\/div><div class=\"fts-jal-fb-message\">Le nouvel Ast\u00e9rix est finalementarriv\u00e9, Ast\u00e9rix en Lusitanie.<br \/>\nBelle rencontre avec la journaliste Salom\u00e9 Saqu\u00e9 et Pierre Boisbunon<br \/>\nA ne pas rater !<div class=\"fts-clear\"><\/div><\/div><\/div><div class=\"fts-jal-fb-vid-wrap\"><div class=\"fts-jal-fb-vid-picture feed_dynamic_video_classczmoaalwlf_page\"><img decoding=\"async\" class=\"fts-jal-fb-vid-image\" border=\"0\" alt=\"Llibreria Jaimes\" src=\"https:\/\/scontent-mad2-1.xx.fbcdn.net\/v\/t51.71878-10\/568877356_837477488719710_8706121387178785682_n.jpg?stp=dst-jpg_s720x720_tt6&#038;_nc_cat=100&#038;ccb=1-7&#038;_nc_sid=5fad0e&#038;_nc_ohc=8cbLPovypQoQ7kNvwEYIcMT&#038;_nc_oc=AdobdrfWGs40wAKbEjJk8O-6dcOdGEVE3I1Y0OJHOZqoFRZo_xYegFMaTGsMxTb90ww&#038;_nc_zt=23&#038;_nc_ht=scontent-mad2-1.xx&#038;edm=AKIiGfEEAAAA&#038;_nc_gid=aRbW6MCl3kBtqe4FfE4I2g&#038;_nc_tpa=Q5bMBQEQE2Ubg3AiQLrCIlQblb_RJ7GyxtVxKDK6BVv_nEtNBK8XSCokofVYETpNJpcXRMlcEyLSiPC2FA&#038;oh=00_Af2WJRzJgyKa_lz3zveE9FM01L1AXo3q8kj94EugmyFAGw&#038;oe=69F665F1\"\/><div class=\"fts-jal-fb-vid-play-btn\"><\/div><\/div><div class=\"fts-fb-embed-iframe-check-used-for-popup fts-fb-embed-yes\"><div class=fts-greater-than-width-height data-width=\"406\" data-height=\"720\"><\/div><\/div><script> jQuery(document).ready(function() {\n                                    jQuery(\".feed_dynamic_video_classczmoaalwlf_page\").click(function() {\n                                        if (!jQuery(this).hasClass(\"fts-iframe-loaded\")) {\n                                            jQuery(this).addClass(\"fts-iframe-loaded\");\n                                            jQuery(this).addClass(\"fts-vid-div\");\n                                            jQuery(this).removeClass(\"fts-jal-fb-vid-picture\");\n                                            jQuery(this).find(\"img\").hide();\n                                            jQuery(this).prepend('<div class=\"fts-greater-than-width-height fts-fb-video-on-page\"><iframe style=\"background:none !important\" class=\"video-778498652220999_1765351977741433\" src=\"https:\/\/www.facebook.com\/plugins\/video.php?href=https%3A%2F%2Fwww.facebook.com%2F778498652220999%2Fvideos%2F1309786203693484%2F&#038;autoplay=true\" frameborder=\"0\" allowfullscreen><\/iframe><\/div>');\n                                            jQuery( \".feed_dynamic_video_classczmoaalwlf_page.fts-greater-than-width-height.fts-fb-video-on-page, .feed_dynamic_video_classczmoaalwlf_page iframe\" ).css({\"height\": \"720px\", \"width\": \"406px\"});\n                                                                                    }\n                                    }); }); <\/script><div class=\"fts-clear\"><\/div><\/div><div class=\"fts-clear\"><\/div><\/div><div class=\"fts-likes-shares-etc-wrap\"><a href=\"https:\/\/www.facebook.com\/778498652220999_778498652220999_1765351977741433\" target=\"_blank\" rel=\"noreferrer\" class=\"fts-jal-fb-see-more\"><span class=\"fts-count-wrap fts-likes-wrap\"><i class='icon-thumbs-up'><\/i>16<\/span><span class=\"fts-count-wrap fts-comments-wrap\"><\/span><span class=\"fts-count-wrap fts-shares-wrap\"><\/span><span class=\"fts-view-on-facebook\">View on Facebook<\/span><\/a><\/div><div class=\"fts-clear\"><\/div><\/div><\/div><div class=\"fts-clear\"><\/div><div id=\"fb-root\"><\/div>[\/et_pb_code][\/et_pb_column][et_pb_column type=&#8221;1_2&#8243; _builder_version=&#8221;4.16&#8243; global_colors_info=&#8221;{}&#8221;][et_pb_code _builder_version=&#8221;4.16&#8243; global_colors_info=&#8221;{}&#8221;]<style type=\"text\/css\">\n<\/style><div id=\"feed_dynamic_classlavetjgbjz_basic\" class=\"fts-instagram-inline-block-centered feed_dynamic_classlavetjgbjz_basic\"  data-ftsi-columns=\"1\" data-ftsi-columns-tablet=\"\" data-ftsi-columns-mobile=\"\" data-ftsi-force-columns=\"yes\" data-ftsi-margin=\"1px\">                            <div class=\"slicker-instagram-placeholder fts-instagram-wrapper\" style=\"background-image:url('https:\/\/scontent-mad2-1.cdninstagram.com\/v\/t51.29350-15\/420984069_3647812082131942_583862045636704275_n.jpg?_nc_cat=110&#038;ccb=1-7&#038;_nc_sid=18de74&#038;_nc_ohc=Vj25xuNrBVwAX-u4ds6&#038;_nc_ht=scontent-mad2-1.cdninstagram.com&#038;edm=ANQ71j8EAAAA&#038;oh=00_AfBYhTOsblXMAAUt1XgEWiYtmhUPQd6kZ7BvpxIc1qwqUA&#038;oe=65B82056')\">\n                                            <a href='https:\/\/www.instagram.com\/p\/C2gtpe7psRc\/' title='EN CE MOIS DE JANVIER TR\u00c8S FROID QUOI DE MIEUX QU&#039;UN...\n\n\u2728 Ap\u00e9ro hu\u00eetres et vin blanc en livres avec le Gourmand d&#039;Hu\u00eetres \u2728\n\nVenez faire le plein d&#039;iode et de culture ! \ud83c\udf38\n\nSAMEDI 27 JANVIER DE 12H30 \u00c0 13H30 ET DE 18H30 \u00c0 20H \u00c0 LA LIBRAIRIE \ud83d\udcda\n\n#librairie #librairieindependante #librairiefrancophone #librairiefran\u00e7aise #librairiefran\u00e7aisebarcelona #livre #libros #llibreriafrancesaindependent #llibres #trobada #autor #rencontre #echange #huitre #ostreiculture #ostreiculteur #ostra' target=\"_blank\" rel=\"noreferrer\" class='fts-instagram-link-target fts-slicker-backg\n                         fts-instagram-img-link' style=\"height:65px !important; width:65px; line-height:65px; font-size:65px;\"><span class=\"fts-instagram-icon\" style=\"height:65px; width:65px; line-height:65px; font-size:65px;\"><\/span><\/a>\n                        \n                        <div class='slicker-date'>\n\n                            <div class=\"fts-insta-date-popup-grab\">\n                            2 years ago                            <\/div>\n                        <\/div>\n                    <div class='slicker-instaG-backg-link'>\n\n                        <div class='slicker-instaG-photoshadow'><\/div>\n                    <\/div>\n                        <div class=\"fts-insta-likes-comments-grab-popup\">\n\n                                                    <\/div>\n                <\/div>\n                                                <div class=\"slicker-instagram-placeholder fts-instagram-wrapper\" style=\"background-image:url('https:\/\/scontent-mad2-1.cdninstagram.com\/v\/t51.29350-15\/421948215_895757282261200_7343062711154025446_n.jpg?_nc_cat=109&#038;ccb=1-7&#038;_nc_sid=18de74&#038;_nc_ohc=lDJgyCdD6XYAX_m--id&#038;_nc_ht=scontent-mad2-1.cdninstagram.com&#038;edm=ANQ71j8EAAAA&#038;oh=00_AfAAy4pW9GNUyY-HP9IL1me6ck2ZaWC_Itppl9L0PJMsTA&#038;oe=65B7D5FE')\">\n                                            <a href='https:\/\/www.instagram.com\/p\/C2gtjHbpvwR\/' title='\u2728 Rencontre autour de la pi\u00e8ce : &quot;Ceux qui se sont \u00e9vapor\u00e9s&quot; avec l&#039;autrice qu\u00e9becquoise R\u00e9b\u00e9cca D\u00e9raspe et le metteur en sc\u00e8ne Fabian Chappuis \u2728\n\nDans le cadre du Festival Oui! 7\u00e8me \u00e9dition du Festival de th\u00e9\u00e2tre fran\u00e7ais de Barcelone @oui_festival \ud83c\udfad\n\nVenez rencontrer la Compagnie\ud83c\udf38\n\nSAMEDI 27 JANVIER \u00c0 12H30 \ud83d\udcda\n\n#librairie #librairieindependante #librairiefrancophone #librairiefran\u00e7aise #librairiefran\u00e7aisebarcelona #livre #libros #rencontre #llibresrecomenats #theatre #teatro #ouifestival #ouifestivalbarcelone' target=\"_blank\" rel=\"noreferrer\" class='fts-instagram-link-target fts-slicker-backg\n                         fts-instagram-img-link' style=\"height:65px !important; width:65px; line-height:65px; font-size:65px;\"><span class=\"fts-instagram-icon\" style=\"height:65px; width:65px; line-height:65px; font-size:65px;\"><\/span><\/a>\n                        \n                        <div class='slicker-date'>\n\n                            <div class=\"fts-insta-date-popup-grab\">\n                            2 years ago                            <\/div>\n                        <\/div>\n                    <div class='slicker-instaG-backg-link'>\n\n                        <div class='slicker-instaG-photoshadow'><\/div>\n                    <\/div>\n                        <div class=\"fts-insta-likes-comments-grab-popup\">\n\n                                                    <\/div>\n                <\/div>\n                                                <div class=\"slicker-instagram-placeholder fts-instagram-wrapper\" style=\"background-image:url('https:\/\/scontent-mad2-1.cdninstagram.com\/v\/t51.29350-15\/421049721_301836239112722_5274215491130858628_n.jpg?_nc_cat=104&#038;ccb=1-7&#038;_nc_sid=18de74&#038;_nc_ohc=thKD7SYlu80AX-YElZW&#038;_nc_ht=scontent-mad2-1.cdninstagram.com&#038;edm=ANQ71j8EAAAA&#038;oh=00_AfCmfgmogn-IJuOjHi3DIacg6VDEbp020gUqkV9PFlrRAQ&#038;oe=65B77AEF')\">\n                                            <a href='https:\/\/www.instagram.com\/p\/C2clw5Lp3qJ\/' title='\u2728 Nouveau 7 - 12 ans !!! J&#039;aime lire les samedis avec mon club de lecture-atelier collage sur les livres : &quot;Chien pourri et sa bande&quot; pour les 7-9 ans et &quot;Les filles montent pas si haut d&#039;habitude&quot; pour les 10-12 ans \u2728\n\nUn club de lecture avec des ateliers ludiques pour promouvoir la cr\u00e9ativit\u00e9 et l&#039;imagination des jeunes \ud83c\udf38\n\nSamedi 27 janvier \u00e0 11h30 \ud83d\udcda\n\nR\u00e9servation en ligne sur jaimes.cat ou \u00e0 la librairie ! \ud83d\udcd6\n\n#librairie #librairieindependante #librairiefrancophone #librairiefran\u00e7aise #librairiefran\u00e7aisebarcelona #livre #libros #litt\u00e9raturejeunesse #activitesamedi #llibreriafrancesaindependent #llibres #trobada #autor #actividadesparani\u00f1os #activitessamedibarcelone #activiteenfant #activiteenfantsamedi #amiti\u00e9 #RendezVousAmiti\u00e9PourD\u00e9marrer2024' target=\"_blank\" rel=\"noreferrer\" class='fts-instagram-link-target fts-slicker-backg\n                         fts-instagram-img-link' style=\"height:65px !important; width:65px; line-height:65px; font-size:65px;\"><span class=\"fts-instagram-icon\" style=\"height:65px; width:65px; line-height:65px; font-size:65px;\"><\/span><\/a>\n                        \n                        <div class='slicker-date'>\n\n                            <div class=\"fts-insta-date-popup-grab\">\n                            2 years ago                            <\/div>\n                        <\/div>\n                    <div class='slicker-instaG-backg-link'>\n\n                        <div class='slicker-instaG-photoshadow'><\/div>\n                    <\/div>\n                        <div class=\"fts-insta-likes-comments-grab-popup\">\n\n                                                    <\/div>\n                <\/div>\n                                                <div class=\"slicker-instagram-placeholder fts-instagram-wrapper\" style=\"background-image:url('https:\/\/scontent-mad1-1.cdninstagram.com\/v\/t51.29350-15\/422253902_348393418028930_5360305571108322510_n.jpg?_nc_cat=102&#038;ccb=1-7&#038;_nc_sid=18de74&#038;_nc_ohc=PFwum6bsSDkAX_FveJU&#038;_nc_ht=scontent-mad1-1.cdninstagram.com&#038;edm=ANQ71j8EAAAA&#038;oh=00_AfAVc96v_LR-lG9rs-mzIPWuoz3ccxvvxt3-ZZ8NP09B2g&#038;oe=65B85220')\">\n                                            <a href='https:\/\/www.instagram.com\/p\/C2ckeZ5JBqD\/' title='\u2728 J&#039;aime les samedis, monte sur sc\u00e8ne avec Mimi ! \u2728\n\nSamedi 27 janvier \u00e0 11h30 et 17h30 \ud83d\udcda\n\nR\u00e9servation en ligne sur jaimes.cat ou \u00e0 la librairie ! \ud83d\udcd6\n\n#librairie #librairieindependante #librairiefrancophone #librairiefran\u00e7aise #librairiefran\u00e7aisebarcelona #livre #libros #litt\u00e9raturejeunesse #activitesamedi #llibreriafrancesaindependent #llibres #trobada #autor #actividadesparani\u00f1os #activitessamedibarcelone #activiteenfant #activiteenfantsamedi #teatro #theatre #montersurscene' target=\"_blank\" rel=\"noreferrer\" class='fts-instagram-link-target fts-slicker-backg\n                         fts-instagram-img-link' style=\"height:65px !important; width:65px; line-height:65px; font-size:65px;\"><span class=\"fts-instagram-icon\" style=\"height:65px; width:65px; line-height:65px; font-size:65px;\"><\/span><\/a>\n                        \n                        <div class='slicker-date'>\n\n                            <div class=\"fts-insta-date-popup-grab\">\n                            2 years ago                            <\/div>\n                        <\/div>\n                    <div class='slicker-instaG-backg-link'>\n\n                        <div class='slicker-instaG-photoshadow'><\/div>\n                    <\/div>\n                        <div class=\"fts-insta-likes-comments-grab-popup\">\n\n                                                    <\/div>\n                <\/div>\n                                                <div class=\"slicker-instagram-placeholder fts-instagram-wrapper\" style=\"background-image:url('https:\/\/scontent-mad2-1.cdninstagram.com\/v\/t51.29350-15\/420493612_6771007529677985_6663408089442068698_n.jpg?_nc_cat=109&#038;ccb=1-7&#038;_nc_sid=18de74&#038;_nc_ohc=X-6HyF-jds8AX9Lf_Ox&#038;_nc_ht=scontent-mad2-1.cdninstagram.com&#038;edm=ANQ71j8EAAAA&#038;oh=00_AfAMLDG-QVUejEIW1sHe2agcr6UPU6Ix6Ez925RIlCOavQ&#038;oe=65B7E624')\">\n                                            <a href='https:\/\/www.instagram.com\/p\/C2cgbxPJPzn\/' title='\u2728 Presencaci\u00f3 del quart volum, &quot;La mem\u00f2ria&quot;, del poeta Josep-Ramon Bach \u2728\n\nDe les editorials de Fundaci\u00f3 Ars i Tres i Quatre \ud83c\udf38\n\nDIMARTS 23 DE GENER A LES 18H30 \ud83d\udcda\n\n#librairie #librairieindependante #librairiefrancophone #librairiefran\u00e7aise #librairiefran\u00e7aisebarcelona #livre #libros #llibreriafrancesaindependent #llibres #trobada #autor #rencontre #echange #pr\u00e9sentationlivre #poesia #poesie #josepramonbach' target=\"_blank\" rel=\"noreferrer\" class='fts-instagram-link-target fts-slicker-backg\n                         fts-instagram-img-link' style=\"height:65px !important; width:65px; line-height:65px; font-size:65px;\"><span class=\"fts-instagram-icon\" style=\"height:65px; width:65px; line-height:65px; font-size:65px;\"><\/span><\/a>\n                        \n                        <div class='slicker-date'>\n\n                            <div class=\"fts-insta-date-popup-grab\">\n                            2 years ago                            <\/div>\n                        <\/div>\n                    <div class='slicker-instaG-backg-link'>\n\n                        <div class='slicker-instaG-photoshadow'><\/div>\n                    <\/div>\n                        <div class=\"fts-insta-likes-comments-grab-popup\">\n\n                                                    <\/div>\n                <\/div>\n                                                <div class=\"slicker-instagram-placeholder fts-instagram-wrapper\" style=\"background-image:url('https:\/\/scontent-mad2-1.cdninstagram.com\/v\/t51.29350-15\/419079341_1326007171409871_1828919427731112356_n.jpg?_nc_cat=109&#038;ccb=1-7&#038;_nc_sid=18de74&#038;_nc_ohc=PHWjsP3H7ZIAX-RuIYG&#038;_nc_ht=scontent-mad2-1.cdninstagram.com&#038;edm=ANQ71j8EAAAA&#038;oh=00_AfB-CgrgmojrE4XqG7-AGjL2heMI0qHCTH2nwwTG2yM73Q&#038;oe=65B95DDF')\">\n                                            <a href='https:\/\/www.instagram.com\/p\/C2MVBgnJinD\/' title='\u2728 J&#039;aime les samedis, neige \u00e0 profusion avec Mimi ! \u2728\n\nSamedi 20 janvier \u00e0 11h30 et 17h30 \ud83d\udcda\n\nR\u00e9servation en ligne sur jaimes.cat ou \u00e0 la librairie ! \ud83d\udcd6\n\n#librairie #librairieindependante #librairiefrancophone #librairiefran\u00e7aise #librairiefran\u00e7aisebarcelona #livre #libros #litt\u00e9raturejeunesse #activitesamedi #llibreriafrancesaindependent #llibres #trobada #autor #actividadesparani\u00f1os #activitessamedibarcelone #activiteenfant #activiteenfantsamedi #neige #nieve #flocon' target=\"_blank\" rel=\"noreferrer\" class='fts-instagram-link-target fts-slicker-backg\n                         fts-instagram-img-link' style=\"height:65px !important; width:65px; line-height:65px; font-size:65px;\"><span class=\"fts-instagram-icon\" style=\"height:65px; width:65px; line-height:65px; font-size:65px;\"><\/span><\/a>\n                        \n                        <div class='slicker-date'>\n\n                            <div class=\"fts-insta-date-popup-grab\">\n                            2 years ago                            <\/div>\n                        <\/div>\n                    <div class='slicker-instaG-backg-link'>\n\n                        <div class='slicker-instaG-photoshadow'><\/div>\n                    <\/div>\n                        <div class=\"fts-insta-likes-comments-grab-popup\">\n\n                                                    <\/div>\n                <\/div>\n                    <\/div>\t\t\t\t\t\t\t\t\t\t<script>\n\t\t\t\t\t\/\/ This needs to load here below the feed to load properly for\n\t\t\t\t\t\/\/ Elementor page preview, and also some types of tabs that use js to load.\n\t\t\t\t\tdocument.addEventListener(\"DOMContentLoaded\", function(event) {\n\t\t\t\t\t\tif (typeof slickremixImageResizing === 'function') {\n\t\t\t\t\t\t\tslickremixImageResizing();\n\t\t\t\t\t\t}\n\t\t\t\t\t\tif (typeof ftsShare === 'function') {\n\t\t\t\t\t\t\tftsShare();\n\t\t\t\t\t\t}\n\t\t\t\t\t});\n\t\t\t\t<\/script>\n\t\t\t\t[\/et_pb_code][\/et_pb_column][\/et_pb_row][\/et_pb_section][et_pb_section fb_built=&#8221;1&#8243; disabled_on=&#8221;on|on|on&#8221; admin_label=&#8221;Feature&#8221; _builder_version=&#8221;4.16&#8243; background_color=&#8221;#ffc077&#8243; custom_padding=&#8221;0px||0px|||&#8221; disabled=&#8221;on&#8221; global_colors_info=&#8221;{}&#8221;][et_pb_row column_structure=&#8221;1_2,1_2&#8243; use_custom_gutter=&#8221;on&#8221; gutter_width=&#8221;1&#8243; make_equal=&#8221;on&#8221; _builder_version=&#8221;4.16&#8243; background_color=&#8221;#ffffff&#8221; width=&#8221;90%&#8221; max_width=&#8221;1200px&#8221; custom_padding=&#8221;0px||0px|||&#8221; box_shadow_style=&#8221;preset3&#8243; box_shadow_vertical=&#8221;110px&#8221; box_shadow_blur=&#8221;130px&#8221; box_shadow_spread=&#8221;-50px&#8221; box_shadow_color=&#8221;#e27100&#8243; global_colors_info=&#8221;{}&#8221;][et_pb_column type=&#8221;1_2&#8243; _builder_version=&#8221;4.16&#8243; background_image=&#8221;https:\/\/journal.jaimes.cat\/wp-content\/uploads\/2020\/03\/magazine-01.jpg&#8221; global_colors_info=&#8221;{}&#8221;][et_pb_divider show_divider=&#8221;off&#8221; _builder_version=&#8221;4.16&#8243; min_height_tablet=&#8221;200px&#8221; min_height_phone=&#8221;200px&#8221; min_height_last_edited=&#8221;on|desktop&#8221; global_colors_info=&#8221;{}&#8221;][\/et_pb_divider][\/et_pb_column][et_pb_column type=&#8221;1_2&#8243; _builder_version=&#8221;4.16&#8243; custom_padding=&#8221;5vw|40px|5vw|40px|true|true&#8221; custom_padding_tablet=&#8221;||8vw|40px|false|false&#8221; custom_padding_phone=&#8221;&#8221; custom_padding_last_edited=&#8221;on|desktop&#8221; global_colors_info=&#8221;{}&#8221;][et_pb_text _builder_version=&#8221;4.16&#8243; text_line_height=&#8221;1.8em&#8221; header_2_font=&#8221;Cardo|700|||||||&#8221; header_2_text_color=&#8221;#000000&#8243; header_2_font_size=&#8221;72px&#8221; header_2_line_height=&#8221;1.2em&#8221; header_4_font=&#8221;Montserrat|700|||||||&#8221; header_4_text_color=&#8221;#ffc077&#8243; header_4_font_size=&#8221;30px&#8221; header_4_line_height=&#8221;1.4em&#8221; header_2_font_size_tablet=&#8221;48px&#8221; header_2_font_size_phone=&#8221;36px&#8221; header_2_font_size_last_edited=&#8221;on|desktop&#8221; header_4_font_size_tablet=&#8221;24px&#8221; header_4_font_size_phone=&#8221;22px&#8221; header_4_font_size_last_edited=&#8221;on|tablet&#8221; global_colors_info=&#8221;{}&#8221;]<\/p>\n<h2>Featured Story<\/h2>\n<h4>Lorem ipsum dolor sit consectetur adipiscing elit. <\/h4>\n<p>Proin eget tortor risus. Praesent sapien massa, convallis a pellentesque nec, egestas non nisi. Curabitur aliquet quam id dui posuere blandit. Curabitur arcu erat, accumsan id imperdiet et, porttitor at sem. Sed porttitor lectus nibh. Cras ultricies ligula sed magna dictum porta. Proin eget tortor risus. Curabitur non nulla sit amet nisl tempus convallis quis ac lectus. Nulla quis lorem ut libero malesuada feugiat.<\/p>\n<p>Pellentesque in ipsum id orci porta dapibus. Nulla porttitor accumsan tincidunt. Nulla quis lorem ut libero malesuada feugiat. Vestibulum ante ipsum primis in faucibus orci luctus et ultrices posuere cubilia Curae; Donec velit neque, auctor sit amet aliquam vel, ullamcorper sit amet ligula. Vivamus suscipit tortor eget felis porttitor volutpat. Proin eget tortor risus. Cras ultricies ligula sed magna dictum porta. Proin eget tortor risus. Vivamus suscipit tortor eget felis porttitor volutpat.<\/p>\n<p>[\/et_pb_text][\/et_pb_column][\/et_pb_row][et_pb_row column_structure=&#8221;1_2,1_2&#8243; use_custom_gutter=&#8221;on&#8221; gutter_width=&#8221;1&#8243; _builder_version=&#8221;4.16&#8243; width=&#8221;90%&#8221; max_width=&#8221;1200px&#8221; custom_padding=&#8221;0px||0px|||&#8221; global_colors_info=&#8221;{}&#8221;][et_pb_column type=&#8221;1_2&#8243; _builder_version=&#8221;4.16&#8243; global_colors_info=&#8221;{}&#8221;][et_pb_button button_text=&#8221;Read Full Story&#8221; button_alignment=&#8221;right&#8221; button_alignment_tablet=&#8221;left&#8221; button_alignment_last_edited=&#8221;off|tablet&#8221; _builder_version=&#8221;4.16&#8243; custom_button=&#8221;on&#8221; button_text_size=&#8221;14px&#8221; button_bg_color=&#8221;#000000&#8243; button_border_color=&#8221;rgba(0,0,0,0)&#8221; button_border_radius=&#8221;0px&#8221; button_letter_spacing=&#8221;2px&#8221; button_font=&#8221;|700||on|||||&#8221; button_icon=&#8221;&#x24;||divi||400&#8243; background_layout=&#8221;dark&#8221; custom_padding=&#8221;50px|40px|50px|40px|true|true&#8221; global_colors_info=&#8221;{}&#8221;][\/et_pb_button][\/et_pb_column][et_pb_column type=&#8221;1_2&#8243; _builder_version=&#8221;4.16&#8243; global_colors_info=&#8221;{}&#8221;][et_pb_button button_text=&#8221;More From Fashion&#8221; button_alignment_tablet=&#8221;right&#8221; button_alignment_phone=&#8221;&#8221; button_alignment_last_edited=&#8221;on|tablet&#8221; _builder_version=&#8221;4.16&#8243; custom_button=&#8221;on&#8221; button_text_size=&#8221;14px&#8221; button_bg_color=&#8221;rgba(0,0,0,0.2)&#8221; button_border_color=&#8221;rgba(0,0,0,0)&#8221; button_border_radius=&#8221;0px&#8221; button_letter_spacing=&#8221;2px&#8221; button_font=&#8221;|700||on|||||&#8221; button_icon=&#8221;&#x24;||divi||400&#8243; background_layout=&#8221;dark&#8221; custom_padding=&#8221;15px|70px|15px|70px|true|true&#8221; custom_padding_tablet=&#8221;&#8221; custom_padding_phone=&#8221;|23px||23px|true|true&#8221; custom_padding_last_edited=&#8221;on|phone&#8221; global_colors_info=&#8221;{}&#8221;][\/et_pb_button][\/et_pb_column][\/et_pb_row][\/et_pb_section][et_pb_section fb_built=&#8221;1&#8243; admin_label=&#8221;Footer&#8221; _builder_version=&#8221;4.16&#8243; background_color_gradient_direction=&#8221;90deg&#8221; custom_padding=&#8221;0px||100px||false|false&#8221; box_shadow_style=&#8221;preset7&#8243; box_shadow_horizontal=&#8221;0px&#8221; box_shadow_vertical=&#8221;-180px&#8221; box_shadow_color=&#8221;#ffffff&#8221; global_colors_info=&#8221;{}&#8221;][et_pb_row column_structure=&#8221;1_4,1_4,1_2&#8243; custom_padding_last_edited=&#8221;on|phone&#8221; admin_label=&#8221;Row&#8221; _builder_version=&#8221;4.16&#8243; background_color=&#8221;#ffffff&#8221; z_index=&#8221;10&#8243; width_tablet=&#8221;&#8221; width_phone=&#8221;90%&#8221; width_last_edited=&#8221;on|phone&#8221; custom_margin=&#8221;-48px||||false|false&#8221; custom_margin_tablet=&#8221;0px||||false|false&#8221; custom_margin_phone=&#8221;&#8221; custom_margin_last_edited=&#8221;on|desktop&#8221; custom_padding=&#8221;60px|50px|0px|50px|false|true&#8221; custom_padding_tablet=&#8221;|10%||0px|false|false&#8221; custom_padding_phone=&#8221;|5%||5%|false|true&#8221; global_colors_info=&#8221;{}&#8221;][et_pb_column type=&#8221;1_4&#8243; _builder_version=&#8221;4.16&#8243; global_colors_info=&#8221;{}&#8221;][et_pb_text ul_type=&#8221;none&#8221; ul_item_indent=&#8221;1px&#8221; _builder_version=&#8221;4.16&#8243; link_text_color=&#8221;#000000&#8243; ul_line_height=&#8221;2.4em&#8221; header_6_font=&#8221;Montserrat|700||on|||||&#8221; header_6_line_height=&#8221;1.8em&#8221; global_colors_info=&#8221;{}&#8221;]<\/p>\n<h6>Anar a<\/h6>\n<ul>\n<li><a href=\"https:\/\/www.jaimes.cat\">Tenda online<\/a><\/li>\n<\/ul>\n<p>[\/et_pb_text][\/et_pb_column][et_pb_column type=&#8221;1_4&#8243; _builder_version=&#8221;4.16&#8243; global_colors_info=&#8221;{}&#8221;][et_pb_text _builder_version=&#8221;4.16&#8243; header_6_font=&#8221;Montserrat|700||on|||||&#8221; header_6_line_height=&#8221;1.8em&#8221; custom_margin=&#8221;||10px||false|false&#8221; locked=&#8221;off&#8221; global_colors_info=&#8221;{}&#8221;]<\/p>\n<h6>Segueix-nos<\/h6>\n<p>[\/et_pb_text][et_pb_social_media_follow icon_color=&#8221;#000000&#8243; _builder_version=&#8221;4.16&#8243; custom_margin=&#8221;||||false|false&#8221; global_colors_info=&#8221;{}&#8221;][et_pb_social_media_follow_network social_network=&#8221;facebook&#8221; _builder_version=&#8221;4.16&#8243; background_enable_color=&#8221;off&#8221; global_colors_info=&#8221;{}&#8221; follow_button=&#8221;off&#8221; url_new_window=&#8221;on&#8221;]facebook[\/et_pb_social_media_follow_network][et_pb_social_media_follow_network social_network=&#8221;twitter&#8221; _builder_version=&#8221;4.16&#8243; background_enable_color=&#8221;off&#8221; global_colors_info=&#8221;{}&#8221; follow_button=&#8221;off&#8221; url_new_window=&#8221;on&#8221;]twitter[\/et_pb_social_media_follow_network][et_pb_social_media_follow_network social_network=&#8221;linkedin&#8221; _builder_version=&#8221;4.16&#8243; background_enable_color=&#8221;off&#8221; global_colors_info=&#8221;{}&#8221; follow_button=&#8221;off&#8221; url_new_window=&#8221;on&#8221;]linkedin[\/et_pb_social_media_follow_network][\/et_pb_social_media_follow][\/et_pb_column][et_pb_column type=&#8221;1_2&#8243; _builder_version=&#8221;4.16&#8243; global_colors_info=&#8221;{}&#8221;][et_pb_text _builder_version=&#8221;4.16&#8243; header_2_font=&#8221;Montserrat|700|||||||&#8221; header_2_font_size=&#8221;40px&#8221; header_2_line_height=&#8221;1.2em&#8221; max_width=&#8221;750px&#8221; custom_margin=&#8221;||0px||false|false&#8221; header_2_font_size_tablet=&#8221;&#8221; header_2_font_size_phone=&#8221;36px&#8221; header_2_font_size_last_edited=&#8221;on|desktop&#8221; locked=&#8221;off&#8221; global_colors_info=&#8221;{}&#8221;]<\/p>\n<h2>Subscriu-te<\/h2>\n<p>[\/et_pb_text][et_pb_signup mailchimp_list=&#8221;llibreriajaimes|16558ac19f&#8221; layout=&#8221;top_bottom&#8221; first_name_field=&#8221;off&#8221; last_name_field=&#8221;off&#8221; button_text=&#8221;Subscriu-me&#8221; use_spam_service=&#8221;on&#8221; recaptcha_list=&#8221;journal-0&#8243; _builder_version=&#8221;4.16&#8243; form_field_background_color=&#8221;rgba(0,0,0,0)&#8221; form_field_text_color=&#8221;rgba(0,0,0,0.5)&#8221; form_field_focus_text_color=&#8221;#000000&#8243; form_field_font=&#8221;|||on|||||&#8221; form_field_font_size=&#8221;13px&#8221; form_field_letter_spacing=&#8221;3px&#8221; form_field_line_height=&#8221;1.8em&#8221; use_background_color=&#8221;off&#8221; custom_button=&#8221;on&#8221; button_text_size=&#8221;14px&#8221; button_bg_color=&#8221;#000000&#8243; button_border_width=&#8221;8px&#8221; button_border_color=&#8221;rgba(0,0,0,0)&#8221; button_border_radius=&#8221;0px&#8221; button_letter_spacing=&#8221;2px&#8221; button_font=&#8221;|800||on|||||&#8221; button_icon=&#8221;&#x24;||divi||400&#8243; width=&#8221;99.8%&#8221; custom_margin=&#8221;|-8vw|||false|false&#8221; custom_margin_tablet=&#8221;|0vw|||false|false&#8221; custom_margin_phone=&#8221;&#8221; custom_margin_last_edited=&#8221;on|tablet&#8221; border_radii_fields=&#8221;on|0px|0px|0px|0px&#8221; border_width_all_fields=&#8221;1px&#8221; border_color_all_fields=&#8221;#000000&#8243; locked=&#8221;off&#8221; global_colors_info=&#8221;{}&#8221;][\/et_pb_signup][\/et_pb_column][\/et_pb_row][\/et_pb_section]<\/p>\n","protected":false},"excerpt":{"rendered":"<p>Que fem a la llibreria? fins i tot quan no podem anar-hiSubscriu-te! Si vols rebre les actualitzacions i informaci\u00f3 de les nostres activitats deixa&#8217;ns el teu correu electr\u00f2nic.        <style type=\"text\/css\">\n                .fts-facebook-add-more-posts-notice {\n            display: none !important;\n        }\n        \n        <\/style><div class=\"fts-jal-fb-header\"><\/div><div class=\"fts-jal-fb-group-display fts-simple-fb-wrapper feed_dynamic_classknukqwqbdk_page\"><div class=\"fts-jal-single-fb-post\"><div  class=\"fts-jal-fb-right-wrap\"><div class=\"fts-jal-fb-top-wrap \"><div class=\"fts-jal-fb-user-thumb\"><a href=\"https:\/\/www.facebook.com\/778498652220999\" target=\"_blank\" rel=\"noreferrer\"><img decoding=\"async\" border=\"0\" alt=\"Llibreria Jaimes\" src=\"https:\/\/scontent-mad2-1.xx.fbcdn.net\/v\/t39.30808-1\/301972812_941208176822488_343347245963773494_n.jpg?stp=c300.0.1448.1448a_cp0_dst-jpg_s50x50_tt6&amp;_nc_cat=110&amp;ccb=1-7&amp;_nc_sid=f907e8&amp;_nc_ohc=LiInMVVNT8AQ7kNvwFbuyXx&amp;_nc_oc=Adq21Djp7GPD8Ok3XKevfRTVoQ9e55bxhYIMTDej0PTmbnLrwSHOVbLeuJz7yEUpntw&amp;_nc_zt=24&amp;_nc_ht=scontent-mad2-1.xx&amp;edm=AJdBtusEAAAA&amp;_nc_gid=T3qKGnXXJ_BaCZy3v7ugBg&amp;_nc_tpa=Q5bMBQGA1R48jI-UTEzBOg0z2oqfc_54O_EYyAQNUYd19chWhVEYZuQ924Y2F0A8gGBHM2x3nH0MgVqbUw&amp;oh=00_Af27ZOFj04FlaeivXPI7GevlOoL6F5MFx13EsjiLE1OFWg&amp;oe=69F65823\"\/><\/a><\/div><span class=\"fts-jal-fb-user-name\"><a href=\"https:\/\/www.facebook.com\/778498652220999\" target=\"_blank\" rel=\"noreferrer\">Llibreria Jaimes<\/a><\/span><span class=\"fts-jal-fb-post-time\">2 months ago<\/span><div class=\"fts-clear\"><\/div><div class=\"fts-jal-fb-message\">El pr\u00f2xim dilluns 9 de mar\u00e7, a les 18:30, us convidem a Lectures de la modernitat po\u00e8tica 89, un cicle organitzat per Antoni Clap\u00e9s. En aquesta ocasi\u00f3, el poeta conversar\u00e0 amb Jordi Camell sobre el seu llibre 'Passos en el silenci. El silenci en els Pr\u00e9ludes de Claude Debussy.' El pianista tamb\u00e9 interpretar\u00e0 peces en directe. Us esperem a la llibreria.<div class=\"fts-clear\"><\/div><\/div><\/div><div class=\"fts-jal-fb-link-wrap fts-album-photos-wrap\"><div class=\"fts-clear\"><\/div><div id=\"ctjwvxjolv_page\" class=\"fts-more-photos-2-or-3-photos fts-fb-more-photos-wrap fts-facebook-inline-block-centered fts-more-photos-auto-width\" style=\"max-width:100%;\" data-ftsi-id=ctjwvxjolv_page data-ftsi-columns=\"2\" data-ftsi-margin=\"1px\" data-ftsi-force-columns=\"yes\"><a href=\"https:\/\/www.facebook.com\/963676707908968\/posts\/1876785576598072\" target=\"_blank\" rel=\"noreferrer\" class=\"slicker-facebook-placeholder fts-fb-thumbs-wrap fts-2-photos fts-fb-thumb-zero-wrap fts-fb-large-photo\" style=\"background:url(https:\/\/scontent-mad2-1.xx.fbcdn.net\/v\/t51.82787-15\/648683438_18512267239077449_2397032950672737010_n.webp?stp=dst-jpg_s720x720_tt6&#038;_nc_cat=111&#038;ccb=1-7&#038;_nc_sid=13d280&#038;_nc_ohc=xcbjOljHldgQ7kNvwFu6ksE&#038;_nc_oc=AdoeaPkAiwDa8NR88bEge6WAM6IFk-d48lPzyOeRV5_8xkzCVKhubPLadNAHk0ymzzQ&#038;_nc_zt=23&#038;_nc_ht=scontent-mad2-1.xx&#038;edm=AKIiGfEEAAAA&#038;_nc_gid=aRbW6MCl3kBtqe4FfE4I2g&#038;_nc_tpa=Q5bMBQHZpuZeg3eCAA0OsS5ZmrVM9_96OcOlClT6jD65LatZjAJLpdvFf5CyomFVWGqaHU7nS6YNg8ezfg&#038;oh=00_Af0Z_TYud5LozCV1PfjpCdwayMGExhBnUhpT2ieGxGYGlA&#038;oe=69F6761C);\" title=\"Picture from Facebook\" aria-label=\"Picture from Facebook\"><\/a><a href=\"https:\/\/www.facebook.com\/photo.php?fbid=1876785553264741&#038;set=a.941208146822491&#038;type=3\" target=\"_blank\" rel=\"noreferrer\" class=\"slicker-facebook-placeholder fts-fb-thumbs-wrap fts-2-photos fts-fb-thumb-zero-wrap fts-fb-large-photo\" style=\"background:url(https:\/\/scontent-mad2-1.xx.fbcdn.net\/v\/t51.82787-15\/648221512_18512267251077449_6378857087210453276_n.webp?stp=dst-jpg_s720x720_tt6&#038;_nc_cat=110&#038;ccb=1-7&#038;_nc_sid=13d280&#038;_nc_ohc=S4ZJb0YIbQgQ7kNvwF5dM4I&#038;_nc_oc=AdoYxQs2AP44XcH8azVoe6Fcsk-sBm24vVaVqzvHH8qV7U_ldQD_GDhjgFoARLbAHKg&#038;_nc_zt=23&#038;_nc_ht=scontent-mad2-1.xx&#038;edm=AKIiGfEEAAAA&#038;_nc_gid=aRbW6MCl3kBtqe4FfE4I2g&#038;_nc_tpa=Q5bMBQHO9Anvco1mVQhCyL_JBF-O-qTm9AdUlcej5sMZJbAJv-JqlWec0LyuIW1dRP_Jj4bY4lQ1w8mKqw&#038;oh=00_Af3E2pTUfdEzJciuTwTt0GtvMeRV5UciDv1RVLZZxPbD0g&#038;oe=69F665B0);\" title=\"Picture from Facebook\" aria-label=\"Picture from Facebook\"><\/a><\/div><div class=\"slicker-facebook-album-photoshadow\"><\/div><div class=\"fts-clear\"><\/div><\/div><div class=\"fts-clear\"><\/div><\/div><div class=\"fts-likes-shares-etc-wrap\"><a href=\"https:\/\/www.facebook.com\/963676707908968\/posts\/1876785576598072\" target=\"_blank\" rel=\"noreferrer\" class=\"fts-jal-fb-see-more\"><span class=\"fts-count-wrap fts-likes-wrap\"><i class='icon-thumbs-up'><\/i>3<\/span><span class=\"fts-count-wrap fts-comments-wrap\"><\/span><span class=\"fts-count-wrap fts-shares-wrap\"><\/span><span class=\"fts-view-on-facebook\">View on Facebook<\/span><\/a><\/div><div class=\"fts-clear\"><\/div><\/div><div class='fts-fb-photo-post-wrap fts-jal-single-fb-post' ><div  class=\"fts-jal-fb-right-wrap\"><div class=\"fts-jal-fb-top-wrap \"><div class=\"fts-jal-fb-user-thumb\"><a href=\"https:\/\/www.facebook.com\/778498652220999\" target=\"_blank\" rel=\"noreferrer\"><img decoding=\"async\" border=\"0\" alt=\"Llibreria Jaimes\" src=\"https:\/\/scontent-mad2-1.xx.fbcdn.net\/v\/t39.30808-1\/301972812_941208176822488_343347245963773494_n.jpg?stp=c300.0.1448.1448a_cp0_dst-jpg_s50x50_tt6&amp;_nc_cat=110&amp;ccb=1-7&amp;_nc_sid=f907e8&amp;_nc_ohc=LiInMVVNT8AQ7kNvwFbuyXx&amp;_nc_oc=Adq21Djp7GPD8Ok3XKevfRTVoQ9e55bxhYIMTDej0PTmbnLrwSHOVbLeuJz7yEUpntw&amp;_nc_zt=24&amp;_nc_ht=scontent-mad2-1.xx&amp;edm=AJdBtusEAAAA&amp;_nc_gid=T3qKGnXXJ_BaCZy3v7ugBg&amp;_nc_tpa=Q5bMBQGA1R48jI-UTEzBOg0z2oqfc_54O_EYyAQNUYd19chWhVEYZuQ924Y2F0A8gGBHM2x3nH0MgVqbUw&amp;oh=00_Af27ZOFj04FlaeivXPI7GevlOoL6F5MFx13EsjiLE1OFWg&amp;oe=69F65823\"\/><\/a><\/div><span class=\"fts-jal-fb-user-name\"><a href=\"https:\/\/www.facebook.com\/778498652220999\" target=\"_blank\" rel=\"noreferrer\">Llibreria Jaimes<\/a><\/span><span class=\"fts-jal-fb-post-time\">2 months ago<\/span><div class=\"fts-clear\"><\/div><div class=\"fts-jal-fb-message\">Ils sont ici, on vous attend !<div class=\"fts-clear\"><\/div><\/div><\/div><div class=\"fts-jal-fb-link-wrap fts-album-photos-wrap\"><a href=\"https:\/\/www.facebook.com\/photo.php?fbid=1864920251117938&#038;set=a.941208146822491&#038;type=3\" target=\"_blank\" rel=\"noreferrer\" class=\"fts-jal-fb-picture\"><img decoding=\"async\" border=\"0\" alt=\"Llibreria Jaimes\" src=\"https:\/\/scontent-mad2-1.xx.fbcdn.net\/v\/t51.82787-15\/638303859_18509876440077449_7960746281473311970_n.webp?stp=dst-jpg_s960x960_tt6&#038;_nc_cat=111&#038;ccb=1-7&#038;_nc_sid=13d280&#038;_nc_ohc=sYi_UM9LOpIQ7kNvwE4aPeA&#038;_nc_oc=AdpJ4Y1dlgWbM9CCnexxVpLGRKCzB50wFNw_jg7JAgNBhBt06gan0XmKFtGRUBWk948&#038;_nc_zt=23&#038;_nc_ht=scontent-mad2-1.xx&#038;edm=AKIiGfEEAAAA&#038;_nc_gid=aRbW6MCl3kBtqe4FfE4I2g&#038;_nc_tpa=Q5bMBQGmtkspVYyjJvXSvtRgTzBTpK5vgaSzxZiOibBr1n22ky1n3jPplx1KuscB9WloH676fcf3rbdVvA&#038;oh=00_Af1w9jXY0ezhILJm_Qm9hmjVOVgGeqiCbHfbkdYet1fcYA&#038;oe=69F67E40\"\/><\/a><div class=\"slicker-facebook-album-photoshadow\"><\/div><div class=\"fts-jal-fb-description-wrap fts-photo-caption-text\"><div class=\"fts-clear\"><\/div><\/div><div class=\"fts-clear\"><\/div><\/div><div class=\"fts-clear\"><\/div><\/div><div class=\"fts-likes-shares-etc-wrap\"><a href=\"https:\/\/www.facebook.com\/photo.php?fbid=1864920251117938&#038;set=a.941208146822491&#038;type=3\" target=\"_blank\" rel=\"noreferrer\" class=\"fts-jal-fb-see-more\"><span class=\"fts-count-wrap fts-likes-wrap\"><i class='icon-thumbs-up'><\/i>6<\/span><span class=\"fts-count-wrap fts-comments-wrap\"><\/span><span class=\"fts-count-wrap fts-shares-wrap\"><\/span><span class=\"fts-view-on-facebook\">View on Facebook<\/span><\/a><\/div><div class=\"fts-clear\"><\/div><\/div><div class='fts-fb-photo-post-wrap fts-jal-single-fb-post' ><div  class=\"fts-jal-fb-right-wrap\"><div class=\"fts-jal-fb-top-wrap \"><div class=\"fts-jal-fb-user-thumb\"><a href=\"https:\/\/www.facebook.com\/778498652220999\" target=\"_blank\" rel=\"noreferrer\"><img decoding=\"async\" border=\"0\" alt=\"Llibreria Jaimes\" src=\"https:\/\/scontent-mad2-1.xx.fbcdn.net\/v\/t39.30808-1\/301972812_941208176822488_343347245963773494_n.jpg?stp=c300.0.1448.1448a_cp0_dst-jpg_s50x50_tt6&amp;_nc_cat=110&amp;ccb=1-7&amp;_nc_sid=f907e8&amp;_nc_ohc=LiInMVVNT8AQ7kNvwFbuyXx&amp;_nc_oc=Adq21Djp7GPD8Ok3XKevfRTVoQ9e55bxhYIMTDej0PTmbnLrwSHOVbLeuJz7yEUpntw&amp;_nc_zt=24&amp;_nc_ht=scontent-mad2-1.xx&amp;edm=AJdBtusEAAAA&amp;_nc_gid=T3qKGnXXJ_BaCZy3v7ugBg&amp;_nc_tpa=Q5bMBQGA1R48jI-UTEzBOg0z2oqfc_54O_EYyAQNUYd19chWhVEYZuQ924Y2F0A8gGBHM2x3nH0MgVqbUw&amp;oh=00_Af27ZOFj04FlaeivXPI7GevlOoL6F5MFx13EsjiLE1OFWg&amp;oe=69F65823\"\/><\/a><\/div><span class=\"fts-jal-fb-user-name\"><a href=\"https:\/\/www.facebook.com\/778498652220999\" target=\"_blank\" rel=\"noreferrer\">Llibreria Jaimes<\/a><\/span><span class=\"fts-jal-fb-post-time\">3 months ago<\/span><div class=\"fts-clear\"><\/div><div class=\"fts-jal-fb-message\">Jaimes est la librairie officielle de la vingt-et-uni\u00e8me \u00e9dition de BCNegra, le festival de roman noir de Barcelone. Jetez un \u0153il au programme , <a href=\"https:\/\/www.facebook.com\/bcnliteratura\" target=\"_blank\" rel=\"noreferrer\">@bcnliteratura<\/a> , et venez profiter des tables rondes et des diff\u00e9rentes activit\u00e9s. \ud83d\udd2a Enguany, Jaimes \u00e9s la llibreria oficial de la BCNegra, la cita dels amants de la novel\u2022la negra des de fa vint-i-un anys. Serem al <a href=\"https:\/\/www.facebook.com\/parallel62bcn\" target=\"_blank\" rel=\"noreferrer\">@parallel62bcn<\/a> , <a href=\"https:\/\/www.facebook.com\/lapalomabcn\" target=\"_blank\" rel=\"noreferrer\">@lapalomabcn<\/a> i al Cinema Bosque servint-vos els llibres dels autors de la setmana. <br \/>\nUs hi esperem!<div class=\"fts-clear\"><\/div><\/div><\/div><div class=\"fts-jal-fb-link-wrap fts-album-photos-wrap\"><a href=\"https:\/\/www.facebook.com\/photo.php?fbid=1848720186071278&#038;set=a.941208146822491&#038;type=3\" target=\"_blank\" rel=\"noreferrer\" class=\"fts-jal-fb-picture\"><img decoding=\"async\" border=\"0\" alt=\"Llibreria Jaimes\" src=\"https:\/\/scontent-mad2-1.xx.fbcdn.net\/v\/t51.82787-15\/625988979_18504856699077449_7003177699645727676_n.webp?stp=dst-jpg_s960x960_tt6&#038;_nc_cat=104&#038;ccb=1-7&#038;_nc_sid=13d280&#038;_nc_ohc=AZuPAyChVP8Q7kNvwEJzv_N&#038;_nc_oc=AdphTOqPj_6lEnBytc5nspKhoTdgIXLpJYKhPcAgOVhheuTEDiAIuhLxEDQtNuEvmrA&#038;_nc_zt=23&#038;_nc_ht=scontent-mad2-1.xx&#038;edm=AKIiGfEEAAAA&#038;_nc_gid=aRbW6MCl3kBtqe4FfE4I2g&#038;_nc_tpa=Q5bMBQFdjDWWRQjeyyMb1F_8fi6jm9GpHsSqrshJ6ofezb0dIeaceOl40Yt_rb3Cue9qwzjjt5p1TZM_PQ&#038;oh=00_Af2t-UEL-NxbRyVdTGSQBZMZX3GWWIiXP34gUdPymM1wTw&#038;oe=69F6702B\"\/><\/a><div class=\"slicker-facebook-album-photoshadow\"><\/div><div class=\"fts-jal-fb-description-wrap fts-photo-caption-text\"><div class=\"fts-clear\"><\/div><\/div><div class=\"fts-clear\"><\/div><\/div><div class=\"fts-clear\"><\/div><\/div><div class=\"fts-likes-shares-etc-wrap\"><a href=\"https:\/\/www.facebook.com\/photo.php?fbid=1848720186071278&#038;set=a.941208146822491&#038;type=3\" target=\"_blank\" rel=\"noreferrer\" class=\"fts-jal-fb-see-more\"><span class=\"fts-count-wrap fts-likes-wrap\"><i class='icon-thumbs-up'><\/i>30<\/span><span class=\"fts-count-wrap fts-comments-wrap\"><i class='icon-comments'><\/i>1<\/span><span class=\"fts-count-wrap fts-shares-wrap\"><\/span><span class=\"fts-view-on-facebook\">View on Facebook<\/span><\/a><\/div><div class=\"fts-clear\"><\/div><\/div><div class=\"fts-jal-single-fb-post fts-fb-video-post-wrap\" ><div  class=\"fts-jal-fb-right-wrap\"><div class=\"fts-jal-fb-top-wrap \"><div class=\"fts-jal-fb-user-thumb\"><a href=\"https:\/\/www.facebook.com\/778498652220999\" target=\"_blank\" rel=\"noreferrer\"><img decoding=\"async\" border=\"0\" alt=\"Llibreria Jaimes\" src=\"https:\/\/scontent-mad2-1.xx.fbcdn.net\/v\/t39.30808-1\/301972812_941208176822488_343347245963773494_n.jpg?stp=c300.0.1448.1448a_cp0_dst-jpg_s50x50_tt6&amp;_nc_cat=110&amp;ccb=1-7&amp;_nc_sid=f907e8&amp;_nc_ohc=LiInMVVNT8AQ7kNvwFbuyXx&amp;_nc_oc=Adq21Djp7GPD8Ok3XKevfRTVoQ9e55bxhYIMTDej0PTmbnLrwSHOVbLeuJz7yEUpntw&amp;_nc_zt=24&amp;_nc_ht=scontent-mad2-1.xx&amp;edm=AJdBtusEAAAA&amp;_nc_gid=T3qKGnXXJ_BaCZy3v7ugBg&amp;_nc_tpa=Q5bMBQGA1R48jI-UTEzBOg0z2oqfc_54O_EYyAQNUYd19chWhVEYZuQ924Y2F0A8gGBHM2x3nH0MgVqbUw&amp;oh=00_Af27ZOFj04FlaeivXPI7GevlOoL6F5MFx13EsjiLE1OFWg&amp;oe=69F65823\"\/><\/a><\/div><span class=\"fts-jal-fb-user-name\"><a href=\"https:\/\/www.facebook.com\/778498652220999\" target=\"_blank\" rel=\"noreferrer\">Llibreria Jaimes<\/a><\/span><span class=\"fts-jal-fb-post-time\">4 months ago<\/span><div class=\"fts-clear\"><\/div><div class=\"fts-jal-fb-message\">Venez vite nous rendre visite. On y est bien, Il y fait bon et vous trouverez touuuuus les cadeaux de No\u00ebl et si vous ne savez pas quoi offrir, parlons-en et on les trouvera ensemble ! \ud83e\udd70<div class=\"fts-clear\"><\/div><\/div><\/div><div class=\"fts-jal-fb-vid-wrap\"><div class=\"fts-jal-fb-vid-picture feed_dynamic_video_classmcriwvrhth_page\"><img decoding=\"async\" class=\"fts-jal-fb-vid-image\" border=\"0\" alt=\"Llibreria Jaimes\" src=\"https:\/\/scontent-mad2-1.xx.fbcdn.net\/v\/t51.71878-10\/587784535_1841859313104395_3951978935391019692_n.jpg?stp=dst-jpg_s720x720_tt6&#038;_nc_cat=109&#038;ccb=1-7&#038;_nc_sid=5fad0e&#038;_nc_ohc=gAaYGHtuY2YQ7kNvwHccsGd&#038;_nc_oc=AdqMnlzlZtJHn3O-VJeE4tWeIYcwGnTs3zS_GJic21SYDSjQXc7BXjdM2fliEZBtOro&#038;_nc_zt=23&#038;_nc_ht=scontent-mad2-1.xx&#038;edm=AKIiGfEEAAAA&#038;_nc_gid=aRbW6MCl3kBtqe4FfE4I2g&#038;_nc_tpa=Q5bMBQGHRbyrbP83REiweYBu44KIQgTSJQPURJHRKIcuI2-upsfyn-uJem7NixpGlimt2UPnSJFgS5fp6g&#038;oh=00_Af3fASqDpApQ1LifKix7o8qCwk385zqCtaB_lIbH6_O86A&#038;oe=69F66BCB\"\/><div class=\"fts-jal-fb-vid-play-btn\"><\/div><\/div><div class=\"fts-fb-embed-iframe-check-used-for-popup fts-fb-embed-yes\"><div class=fts-greater-than-width-height data-width=\"406\" data-height=\"720\"><\/div><\/div><script> jQuery(document).ready(function() {\n                                    jQuery(\".feed_dynamic_video_classmcriwvrhth_page\").click(function() {\n                                        if (!jQuery(this).hasClass(\"fts-iframe-loaded\")) {\n                                            jQuery(this).addClass(\"fts-iframe-loaded\");\n                                            jQuery(this).addClass(\"fts-vid-div\");\n                                            jQuery(this).removeClass(\"fts-jal-fb-vid-picture\");\n                                            jQuery(this).find(\"img\").hide();\n                                            jQuery(this).prepend('<div class=\"fts-greater-than-width-height fts-fb-video-on-page\"><iframe style=\"background:none !important\" class=\"video-778498652220999_1813851539558143\" src=\"https:\/\/www.facebook.com\/plugins\/video.php?href=https%3A%2F%2Fwww.facebook.com%2F778498652220999%2Fvideos%2F833100649714447%2F&#038;autoplay=true\" frameborder=\"0\" allowfullscreen><\/iframe><\/div>');\n                                            jQuery( \".feed_dynamic_video_classmcriwvrhth_page.fts-greater-than-width-height.fts-fb-video-on-page, .feed_dynamic_video_classmcriwvrhth_page iframe\" ).css({\"height\": \"720px\", \"width\": \"406px\"});\n                                                                                    }\n                                    }); }); <\/script><div class=\"fts-clear\"><\/div><\/div><div class=\"fts-clear\"><\/div><\/div><div class=\"fts-likes-shares-etc-wrap\"><a href=\"https:\/\/www.facebook.com\/778498652220999_778498652220999_1813851539558143\" target=\"_blank\" rel=\"noreferrer\" class=\"fts-jal-fb-see-more\"><span class=\"fts-count-wrap fts-likes-wrap\"><i class='icon-thumbs-up'><\/i>20<\/span><span class=\"fts-count-wrap fts-comments-wrap\"><\/span><span class=\"fts-count-wrap fts-shares-wrap\"><span class='fts-count-wrap fts-shares-wrap'><i class='icon-file'><\/i>1<\/span><\/span><span class=\"fts-view-on-facebook\">View on Facebook<\/span><\/a><\/div><div class=\"fts-clear\"><\/div><\/div><div class=\"fts-jal-single-fb-post\"><div  class=\"fts-jal-fb-right-wrap\"><div class=\"fts-jal-fb-top-wrap \"><div class=\"fts-jal-fb-user-thumb\"><a href=\"https:\/\/www.facebook.com\/778498652220999\" target=\"_blank\" rel=\"noreferrer\"><img decoding=\"async\" border=\"0\" alt=\"Llibreria Jaimes\" src=\"https:\/\/scontent-mad2-1.xx.fbcdn.net\/v\/t39.30808-1\/301972812_941208176822488_343347245963773494_n.jpg?stp=c300.0.1448.1448a_cp0_dst-jpg_s50x50_tt6&amp;_nc_cat=110&amp;ccb=1-7&amp;_nc_sid=f907e8&amp;_nc_ohc=LiInMVVNT8AQ7kNvwFbuyXx&amp;_nc_oc=Adq21Djp7GPD8Ok3XKevfRTVoQ9e55bxhYIMTDej0PTmbnLrwSHOVbLeuJz7yEUpntw&amp;_nc_zt=24&amp;_nc_ht=scontent-mad2-1.xx&amp;edm=AJdBtusEAAAA&amp;_nc_gid=T3qKGnXXJ_BaCZy3v7ugBg&amp;_nc_tpa=Q5bMBQGA1R48jI-UTEzBOg0z2oqfc_54O_EYyAQNUYd19chWhVEYZuQ924Y2F0A8gGBHM2x3nH0MgVqbUw&amp;oh=00_Af27ZOFj04FlaeivXPI7GevlOoL6F5MFx13EsjiLE1OFWg&amp;oe=69F65823\"\/><\/a><\/div><span class=\"fts-jal-fb-user-name\"><a href=\"https:\/\/www.facebook.com\/778498652220999\" target=\"_blank\" rel=\"noreferrer\">Llibreria Jaimes<\/a><\/span><span class=\"fts-jal-fb-post-time\">6 months ago<\/span><div class=\"fts-clear\"><\/div><div class=\"fts-jal-fb-message\">Presentaci\u00f3 del llibre : \" Dinou mirades sobre un poema de Wang Wei (i unes quantes m\u00e9s) \"<br \/>\n<br \/>\nAmb Manel Oll\u00e9, Joshu M. Clar\u00e0, Dolors Udina, Antoni Clap\u00e9s i exposici\u00f3 de cal\u00b7ligrafies<br \/>\n<br \/>\nUn treball fascinant fet a partir de dinou traduccions a l\u00b4angl\u00e8s d\u00b4una quarteta del poeta xin\u00e8s Wang Wei de la dinastia Tang. La majoria dels traductors que hi inclo\u00efa eren angloparlants nascuts al segle XX. Per a la nostra edici\u00f3, el poeta i professor Manel Oll\u00e9 ha fet una introducci\u00f3 als treballs que s\u00b4han produ\u00eft en el nostre \u00e0mbit i Joshu M. Clar\u00e0 ha fet una excel\u00b7lent versi\u00f3 cal\u00b7ligr\u00e0fica del poema.<div class=\"fts-clear\"><\/div><\/div><\/div><div class=\"fts-jal-fb-link-wrap fts-album-photos-wrap\"><div class=\"fts-clear\"><\/div><div id=\"nsrkvzcfcj_page\" class=\"fts-more-photos-2-or-3-photos fts-fb-more-photos-wrap fts-facebook-inline-block-centered fts-more-photos-auto-width\" style=\"max-width:100%;\" data-ftsi-id=nsrkvzcfcj_page data-ftsi-columns=\"2\" data-ftsi-margin=\"1px\" data-ftsi-force-columns=\"yes\"><a href=\"https:\/\/www.facebook.com\/963676707908968\/posts\/1769382367338394\" target=\"_blank\" rel=\"noreferrer\" class=\"slicker-facebook-placeholder fts-fb-thumbs-wrap fts-2-photos fts-fb-thumb-zero-wrap fts-fb-large-photo\" style=\"background:url(https:\/\/scontent-mad1-1.xx.fbcdn.net\/v\/t51.82787-15\/570366699_18488276479077449_161384958199605535_n.webp?stp=dst-jpg_s720x720_tt6&#038;_nc_cat=102&#038;ccb=1-7&#038;_nc_sid=13d280&#038;_nc_ohc=TCOHSG8_wSAQ7kNvwHTzggF&#038;_nc_oc=AdqrtMWzWEGZLPdDz6pGqcAfYVAVsZLxrPDY0elXIPZ-QyGN8nUjgM20SJQ-uQlNOng&#038;_nc_zt=23&#038;_nc_ht=scontent-mad1-1.xx&#038;edm=AKIiGfEEAAAA&#038;_nc_gid=aRbW6MCl3kBtqe4FfE4I2g&#038;_nc_tpa=Q5bMBQGVE77fspUmMHGcsK62548QwGzhZgMvQQ2Ot2ZLXYKTIfye8Zgr18CjkyPeh8oaExLsbYGhhG9D_Q&#038;oh=00_Af1CUUNytkpbyg89OjXRldnYFKs7jKopF4YlsNZj9OvoBw&#038;oe=69F66B91);\" title=\"Picture from Facebook\" aria-label=\"Picture from Facebook\"><\/a><a href=\"https:\/\/www.facebook.com\/photo.php?fbid=1769382350671729&#038;set=a.941208146822491&#038;type=3\" target=\"_blank\" rel=\"noreferrer\" class=\"slicker-facebook-placeholder fts-fb-thumbs-wrap fts-2-photos fts-fb-thumb-zero-wrap fts-fb-large-photo\" style=\"background:url(https:\/\/scontent-mad2-1.xx.fbcdn.net\/v\/t51.82787-15\/570715052_18488276488077449_2699353590210608124_n.webp?stp=dst-jpg_s720x720_tt6&#038;_nc_cat=104&#038;ccb=1-7&#038;_nc_sid=13d280&#038;_nc_ohc=2rO6IGAA0HgQ7kNvwH-af-4&#038;_nc_oc=AdquDdkY1DHqJfI9KholzVsQ2FTRl1Z_zRsPfJRQSrNfArJaXN-y3DNpM9DiW7E5Znw&#038;_nc_zt=23&#038;_nc_ht=scontent-mad2-1.xx&#038;edm=AKIiGfEEAAAA&#038;_nc_gid=aRbW6MCl3kBtqe4FfE4I2g&#038;_nc_tpa=Q5bMBQFMCFNGM4T27fvPQYSjT3zeP9SSPcS0J65rttZw-uKXS60BTPWs5WmMvR2z0YuxNTDFlhlkSmRI4w&#038;oh=00_Af3Lw3WsbepirgPjGq8QddGOUmmJQfJa2ryKFfDG9rDtVg&#038;oe=69F653CA);\" title=\"Picture from Facebook\" aria-label=\"Picture from Facebook\"><\/a><\/div><div class=\"slicker-facebook-album-photoshadow\"><\/div><div class=\"fts-clear\"><\/div><\/div><div class=\"fts-clear\"><\/div><\/div><div class=\"fts-likes-shares-etc-wrap\"><a href=\"https:\/\/www.facebook.com\/963676707908968\/posts\/1769382367338394\" target=\"_blank\" rel=\"noreferrer\" class=\"fts-jal-fb-see-more\"><span class=\"fts-count-wrap fts-likes-wrap\"><i class='icon-thumbs-up'><\/i>1<\/span><span class=\"fts-count-wrap fts-comments-wrap\"><\/span><span class=\"fts-count-wrap fts-shares-wrap\"><span class='fts-count-wrap fts-shares-wrap'><i class='icon-file'><\/i>9<\/span><\/span><span class=\"fts-view-on-facebook\">View on Facebook<\/span><\/a><\/div><div class=\"fts-clear\"><\/div><\/div><div class=\"fts-jal-single-fb-post fts-fb-video-post-wrap\" ><div  class=\"fts-jal-fb-right-wrap\"><div class=\"fts-jal-fb-top-wrap \"><div class=\"fts-jal-fb-user-thumb\"><a href=\"https:\/\/www.facebook.com\/778498652220999\" target=\"_blank\" rel=\"noreferrer\"><img decoding=\"async\" border=\"0\" alt=\"Llibreria Jaimes\" src=\"https:\/\/scontent-mad2-1.xx.fbcdn.net\/v\/t39.30808-1\/301972812_941208176822488_343347245963773494_n.jpg?stp=c300.0.1448.1448a_cp0_dst-jpg_s50x50_tt6&amp;_nc_cat=110&amp;ccb=1-7&amp;_nc_sid=f907e8&amp;_nc_ohc=LiInMVVNT8AQ7kNvwFbuyXx&amp;_nc_oc=Adq21Djp7GPD8Ok3XKevfRTVoQ9e55bxhYIMTDej0PTmbnLrwSHOVbLeuJz7yEUpntw&amp;_nc_zt=24&amp;_nc_ht=scontent-mad2-1.xx&amp;edm=AJdBtusEAAAA&amp;_nc_gid=T3qKGnXXJ_BaCZy3v7ugBg&amp;_nc_tpa=Q5bMBQGA1R48jI-UTEzBOg0z2oqfc_54O_EYyAQNUYd19chWhVEYZuQ924Y2F0A8gGBHM2x3nH0MgVqbUw&amp;oh=00_Af27ZOFj04FlaeivXPI7GevlOoL6F5MFx13EsjiLE1OFWg&amp;oe=69F65823\"\/><\/a><\/div><span class=\"fts-jal-fb-user-name\"><a href=\"https:\/\/www.facebook.com\/778498652220999\" target=\"_blank\" rel=\"noreferrer\">Llibreria Jaimes<\/a><\/span><span class=\"fts-jal-fb-post-time\">6 months ago<\/span><div class=\"fts-clear\"><\/div><div class=\"fts-jal-fb-message\">Le nouvel Ast\u00e9rix est finalementarriv\u00e9, Ast\u00e9rix en Lusitanie.<br \/>\nBelle rencontre avec la journaliste Salom\u00e9 Saqu\u00e9 et Pierre Boisbunon<br \/>\nA ne pas rater !<div class=\"fts-clear\"><\/div><\/div><\/div><div class=\"fts-jal-fb-vid-wrap\"><div class=\"fts-jal-fb-vid-picture feed_dynamic_video_classktxmpuvunk_page\"><img decoding=\"async\" class=\"fts-jal-fb-vid-image\" border=\"0\" alt=\"Llibreria Jaimes\" src=\"https:\/\/scontent-mad2-1.xx.fbcdn.net\/v\/t51.71878-10\/568877356_837477488719710_8706121387178785682_n.jpg?stp=dst-jpg_s720x720_tt6&#038;_nc_cat=100&#038;ccb=1-7&#038;_nc_sid=5fad0e&#038;_nc_ohc=8cbLPovypQoQ7kNvwEYIcMT&#038;_nc_oc=AdobdrfWGs40wAKbEjJk8O-6dcOdGEVE3I1Y0OJHOZqoFRZo_xYegFMaTGsMxTb90ww&#038;_nc_zt=23&#038;_nc_ht=scontent-mad2-1.xx&#038;edm=AKIiGfEEAAAA&#038;_nc_gid=aRbW6MCl3kBtqe4FfE4I2g&#038;_nc_tpa=Q5bMBQEQE2Ubg3AiQLrCIlQblb_RJ7GyxtVxKDK6BVv_nEtNBK8XSCokofVYETpNJpcXRMlcEyLSiPC2FA&#038;oh=00_Af2WJRzJgyKa_lz3zveE9FM01L1AXo3q8kj94EugmyFAGw&#038;oe=69F665F1\"\/><div class=\"fts-jal-fb-vid-play-btn\"><\/div><\/div><div class=\"fts-fb-embed-iframe-check-used-for-popup fts-fb-embed-yes\"><div class=fts-greater-than-width-height data-width=\"406\" data-height=\"720\"><\/div><\/div><script> jQuery(document).ready(function() {\n                                    jQuery(\".feed_dynamic_video_classktxmpuvunk_page\").click(function() {\n                                        if (!jQuery(this).hasClass(\"fts-iframe-loaded\")) {\n                                            jQuery(this).addClass(\"fts-iframe-loaded\");\n                                            jQuery(this).addClass(\"fts-vid-div\");\n                                            jQuery(this).removeClass(\"fts-jal-fb-vid-picture\");\n                                            jQuery(this).find(\"img\").hide();\n                                            jQuery(this).prepend('<div class=\"fts-greater-than-width-height fts-fb-video-on-page\"><iframe style=\"background:none !important\" class=\"video-778498652220999_1765351977741433\" src=\"https:\/\/www.facebook.com\/plugins\/video.php?href=https%3A%2F%2Fwww.facebook.com%2F778498652220999%2Fvideos%2F1309786203693484%2F&#038;autoplay=true\" frameborder=\"0\" allowfullscreen><\/iframe><\/div>');\n                                            jQuery( \".feed_dynamic_video_classktxmpuvunk_page.fts-greater-than-width-height.fts-fb-video-on-page, .feed_dynamic_video_classktxmpuvunk_page iframe\" ).css({\"height\": \"720px\", \"width\": \"406px\"});\n                                                                                    }\n                                    }); }); <\/script><div class=\"fts-clear\"><\/div><\/div><div class=\"fts-clear\"><\/div><\/div><div class=\"fts-likes-shares-etc-wrap\"><a href=\"https:\/\/www.facebook.com\/778498652220999_778498652220999_1765351977741433\" target=\"_blank\" rel=\"noreferrer\" class=\"fts-jal-fb-see-more\"><span class=\"fts-count-wrap fts-likes-wrap\"><i class='icon-thumbs-up'><\/i>16<\/span><span class=\"fts-count-wrap fts-comments-wrap\"><\/span><span class=\"fts-count-wrap fts-shares-wrap\"><\/span><span class=\"fts-view-on-facebook\">View on Facebook<\/span><\/a><\/div><div class=\"fts-clear\"><\/div><\/div><\/div><div class=\"fts-clear\"><\/div><div id=\"fb-root\"><\/div><style type=\"text\/css\">\n<\/style><div id=\"feed_dynamic_classfibbjdsomj_basic\" class=\"fts-instagram-inline-block-centered feed_dynamic_classfibbjdsomj_basic\"  data-ftsi-columns=\"1\" data-ftsi-columns-tablet=\"\" data-ftsi-columns-mobile=\"\" data-ftsi-force-columns=\"yes\" data-ftsi-margin=\"1px\">                            <div class=\"slicker-instagram-placeholder fts-instagram-wrapper\" style=\"background-image:url('https:\/\/scontent-mad2-1.cdninstagram.com\/v\/t51.29350-15\/420984069_3647812082131942_583862045636704275_n.jpg?_nc_cat=110&#038;ccb=1-7&#038;_nc_sid=18de74&#038;_nc_ohc=Vj25xuNrBVwAX-u4ds6&#038;_nc_ht=scontent-mad2-1.cdninstagram.com&#038;edm=ANQ71j8EAAAA&#038;oh=00_AfBYhTOsblXMAAUt1XgEWiYtmhUPQd6kZ7BvpxIc1qwqUA&#038;oe=65B82056')\">\n                                            <a href='https:\/\/www.instagram.com\/p\/C2gtpe7psRc\/' title='EN CE MOIS DE JANVIER TR\u00c8S FROID QUOI DE MIEUX QU&#039;UN...\n\n\u2728 Ap\u00e9ro hu\u00eetres et vin blanc en livres avec le Gourmand d&#039;Hu\u00eetres \u2728\n\nVenez faire le plein d&#039;iode et de culture ! \ud83c\udf38\n\nSAMEDI 27 JANVIER DE 12H30 \u00c0 13H30 ET DE 18H30 \u00c0 20H \u00c0 LA LIBRAIRIE \ud83d\udcda\n\n#librairie #librairieindependante #librairiefrancophone #librairiefran\u00e7aise #librairiefran\u00e7aisebarcelona #livre #libros #llibreriafrancesaindependent #llibres #trobada #autor #rencontre #echange #huitre #ostreiculture #ostreiculteur #ostra' target=\"_blank\" rel=\"noreferrer\" class='fts-instagram-link-target fts-slicker-backg\n                         fts-instagram-img-link' style=\"height:65px !important; width:65px; line-height:65px; font-size:65px;\"><span class=\"fts-instagram-icon\" style=\"height:65px; width:65px; line-height:65px; font-size:65px;\"><\/span><\/a>\n                        \n                        <div class='slicker-date'>\n\n                            <div class=\"fts-insta-date-popup-grab\">\n                            2 years ago                            <\/div>\n                        <\/div>\n                    <div class='slicker-instaG-backg-link'>\n\n                        <div class='slicker-instaG-photoshadow'><\/div>\n                    <\/div>\n                        <div class=\"fts-insta-likes-comments-grab-popup\">\n\n                                                    <\/div>\n                <\/div>\n                                                <div class=\"slicker-instagram-placeholder fts-instagram-wrapper\" style=\"background-image:url('https:\/\/scontent-mad2-1.cdninstagram.com\/v\/t51.29350-15\/421948215_895757282261200_7343062711154025446_n.jpg?_nc_cat=109&#038;ccb=1-7&#038;_nc_sid=18de74&#038;_nc_ohc=lDJgyCdD6XYAX_m--id&#038;_nc_ht=scontent-mad2-1.cdninstagram.com&#038;edm=ANQ71j8EAAAA&#038;oh=00_AfAAy4pW9GNUyY-HP9IL1me6ck2ZaWC_Itppl9L0PJMsTA&#038;oe=65B7D5FE')\">\n                                            <a href='https:\/\/www.instagram.com\/p\/C2gtjHbpvwR\/' title='\u2728 Rencontre autour de la pi\u00e8ce : &quot;Ceux qui se sont \u00e9vapor\u00e9s&quot; avec l&#039;autrice qu\u00e9becquoise R\u00e9b\u00e9cca D\u00e9raspe et le metteur en sc\u00e8ne Fabian Chappuis \u2728\n\nDans le cadre du Festival Oui! 7\u00e8me \u00e9dition du Festival de th\u00e9\u00e2tre fran\u00e7ais de Barcelone @oui_festival \ud83c\udfad\n\nVenez rencontrer la Compagnie\ud83c\udf38\n\nSAMEDI 27 JANVIER \u00c0 12H30 \ud83d\udcda\n\n#librairie #librairieindependante #librairiefrancophone #librairiefran\u00e7aise #librairiefran\u00e7aisebarcelona #livre #libros #rencontre #llibresrecomenats #theatre #teatro #ouifestival #ouifestivalbarcelone' target=\"_blank\" rel=\"noreferrer\" class='fts-instagram-link-target fts-slicker-backg\n                         fts-instagram-img-link' style=\"height:65px !important; width:65px; line-height:65px; font-size:65px;\"><span class=\"fts-instagram-icon\" style=\"height:65px; width:65px; line-height:65px; font-size:65px;\"><\/span><\/a>\n                        \n                        <div class='slicker-date'>\n\n                            <div class=\"fts-insta-date-popup-grab\">\n                            2 years ago                            <\/div>\n                        <\/div>\n                    <div class='slicker-instaG-backg-link'>\n\n                        <div class='slicker-instaG-photoshadow'><\/div>\n                    <\/div>\n                        <div class=\"fts-insta-likes-comments-grab-popup\">\n\n                                                    <\/div>\n                <\/div>\n                                                <div class=\"slicker-instagram-placeholder fts-instagram-wrapper\" style=\"background-image:url('https:\/\/scontent-mad2-1.cdninstagram.com\/v\/t51.29350-15\/421049721_301836239112722_5274215491130858628_n.jpg?_nc_cat=104&#038;ccb=1-7&#038;_nc_sid=18de74&#038;_nc_ohc=thKD7SYlu80AX-YElZW&#038;_nc_ht=scontent-mad2-1.cdninstagram.com&#038;edm=ANQ71j8EAAAA&#038;oh=00_AfCmfgmogn-IJuOjHi3DIacg6VDEbp020gUqkV9PFlrRAQ&#038;oe=65B77AEF')\">\n                                            <a href='https:\/\/www.instagram.com\/p\/C2clw5Lp3qJ\/' title='\u2728 Nouveau 7 - 12 ans !!! J&#039;aime lire les samedis avec mon club de lecture-atelier collage sur les livres : &quot;Chien pourri et sa bande&quot; pour les 7-9 ans et &quot;Les filles montent pas si haut d&#039;habitude&quot; pour les 10-12 ans \u2728\n\nUn club de lecture avec des ateliers ludiques pour promouvoir la cr\u00e9ativit\u00e9 et l&#039;imagination des jeunes \ud83c\udf38\n\nSamedi 27 janvier \u00e0 11h30 \ud83d\udcda\n\nR\u00e9servation en ligne sur jaimes.cat ou \u00e0 la librairie ! \ud83d\udcd6\n\n#librairie #librairieindependante #librairiefrancophone #librairiefran\u00e7aise #librairiefran\u00e7aisebarcelona #livre #libros #litt\u00e9raturejeunesse #activitesamedi #llibreriafrancesaindependent #llibres #trobada #autor #actividadesparani\u00f1os #activitessamedibarcelone #activiteenfant #activiteenfantsamedi #amiti\u00e9 #RendezVousAmiti\u00e9PourD\u00e9marrer2024' target=\"_blank\" rel=\"noreferrer\" class='fts-instagram-link-target fts-slicker-backg\n                         fts-instagram-img-link' style=\"height:65px !important; width:65px; line-height:65px; font-size:65px;\"><span class=\"fts-instagram-icon\" style=\"height:65px; width:65px; line-height:65px; font-size:65px;\"><\/span><\/a>\n                        \n                        <div class='slicker-date'>\n\n                            <div class=\"fts-insta-date-popup-grab\">\n                            2 years ago                            <\/div>\n                        <\/div>\n                    <div class='slicker-instaG-backg-link'>\n\n                        <div class='slicker-instaG-photoshadow'><\/div>\n                    <\/div>\n                        <div class=\"fts-insta-likes-comments-grab-popup\">\n\n                                                    <\/div>\n                <\/div>\n                                                <div class=\"slicker-instagram-placeholder fts-instagram-wrapper\" style=\"background-image:url('https:\/\/scontent-mad1-1.cdninstagram.com\/v\/t51.29350-15\/422253902_348393418028930_5360305571108322510_n.jpg?_nc_cat=102&#038;ccb=1-7&#038;_nc_sid=18de74&#038;_nc_ohc=PFwum6bsSDkAX_FveJU&#038;_nc_ht=scontent-mad1-1.cdninstagram.com&#038;edm=ANQ71j8EAAAA&#038;oh=00_AfAVc96v_LR-lG9rs-mzIPWuoz3ccxvvxt3-ZZ8NP09B2g&#038;oe=65B85220')\">\n                                            <a href='https:\/\/www.instagram.com\/p\/C2ckeZ5JBqD\/' title='\u2728 J&#039;aime les samedis, monte sur sc\u00e8ne avec Mimi ! \u2728\n\nSamedi 27 janvier \u00e0 11h30 et 17h30 \ud83d\udcda\n\nR\u00e9servation en ligne sur jaimes.cat ou \u00e0 la librairie ! \ud83d\udcd6\n\n#librairie #librairieindependante #librairiefrancophone #librairiefran\u00e7aise #librairiefran\u00e7aisebarcelona #livre #libros #litt\u00e9raturejeunesse #activitesamedi #llibreriafrancesaindependent #llibres #trobada #autor #actividadesparani\u00f1os #activitessamedibarcelone #activiteenfant #activiteenfantsamedi #teatro #theatre #montersurscene' target=\"_blank\" rel=\"noreferrer\" class='fts-instagram-link-target fts-slicker-backg\n                         fts-instagram-img-link' style=\"height:65px !important; width:65px; line-height:65px; font-size:65px;\"><span class=\"fts-instagram-icon\" style=\"height:65px; width:65px; line-height:65px; font-size:65px;\"><\/span><\/a>\n                        \n                        <div class='slicker-date'>\n\n                            <div class=\"fts-insta-date-popup-grab\">\n                            2 years ago                            <\/div>\n                        <\/div>\n                    <div class='slicker-instaG-backg-link'>\n\n                        <div class='slicker-instaG-photoshadow'><\/div>\n                    <\/div>\n                        <div class=\"fts-insta-likes-comments-grab-popup\">\n\n                                                    <\/div>\n                <\/div>\n                                                <div class=\"slicker-instagram-placeholder fts-instagram-wrapper\" style=\"background-image:url('https:\/\/scontent-mad2-1.cdninstagram.com\/v\/t51.29350-15\/420493612_6771007529677985_6663408089442068698_n.jpg?_nc_cat=109&#038;ccb=1-7&#038;_nc_sid=18de74&#038;_nc_ohc=X-6HyF-jds8AX9Lf_Ox&#038;_nc_ht=scontent-mad2-1.cdninstagram.com&#038;edm=ANQ71j8EAAAA&#038;oh=00_AfAMLDG-QVUejEIW1sHe2agcr6UPU6Ix6Ez925RIlCOavQ&#038;oe=65B7E624')\">\n                                            <a href='https:\/\/www.instagram.com\/p\/C2cgbxPJPzn\/' title='\u2728 Presencaci\u00f3 del quart volum, &quot;La mem\u00f2ria&quot;, del poeta Josep-Ramon Bach \u2728\n\nDe les editorials de Fundaci\u00f3 Ars i Tres i Quatre \ud83c\udf38\n\nDIMARTS 23 DE GENER A LES 18H30 \ud83d\udcda\n\n#librairie #librairieindependante #librairiefrancophone #librairiefran\u00e7aise #librairiefran\u00e7aisebarcelona #livre #libros #llibreriafrancesaindependent #llibres #trobada #autor #rencontre #echange #pr\u00e9sentationlivre #poesia #poesie #josepramonbach' target=\"_blank\" rel=\"noreferrer\" class='fts-instagram-link-target fts-slicker-backg\n                         fts-instagram-img-link' style=\"height:65px !important; width:65px; line-height:65px; font-size:65px;\"><span class=\"fts-instagram-icon\" style=\"height:65px; width:65px; line-height:65px; font-size:65px;\"><\/span><\/a>\n                        \n                        <div class='slicker-date'>\n\n                            <div class=\"fts-insta-date-popup-grab\">\n                            2 years ago                            <\/div>\n                        <\/div>\n                    <div class='slicker-instaG-backg-link'>\n\n                        <div class='slicker-instaG-photoshadow'><\/div>\n                    <\/div>\n                        <div class=\"fts-insta-likes-comments-grab-popup\">\n\n                                                    <\/div>\n                <\/div>\n                                                <div class=\"slicker-instagram-placeholder fts-instagram-wrapper\" style=\"background-image:url('https:\/\/scontent-mad2-1.cdninstagram.com\/v\/t51.29350-15\/419079341_1326007171409871_1828919427731112356_n.jpg?_nc_cat=109&#038;ccb=1-7&#038;_nc_sid=18de74&#038;_nc_ohc=PHWjsP3H7ZIAX-RuIYG&#038;_nc_ht=scontent-mad2-1.cdninstagram.com&#038;edm=ANQ71j8EAAAA&#038;oh=00_AfB-CgrgmojrE4XqG7-AGjL2heMI0qHCTH2nwwTG2yM73Q&#038;oe=65B95DDF')\">\n                                            <a href='https:\/\/www.instagram.com\/p\/C2MVBgnJinD\/' title='\u2728 J&#039;aime les samedis, neige \u00e0 profusion avec Mimi ! \u2728\n\nSamedi 20 janvier \u00e0 11h30 et 17h30 \ud83d\udcda\n\nR\u00e9servation en ligne sur jaimes.cat ou \u00e0 la librairie ! \ud83d\udcd6\n\n#librairie #librairieindependante #librairiefrancophone #librairiefran\u00e7aise #librairiefran\u00e7aisebarcelona #livre #libros #litt\u00e9raturejeunesse #activitesamedi #llibreriafrancesaindependent #llibres #trobada #autor #actividadesparani\u00f1os #activitessamedibarcelone #activiteenfant #activiteenfantsamedi #neige #nieve #flocon' target=\"_blank\" rel=\"noreferrer\" class='fts-instagram-link-target fts-slicker-backg\n                         fts-instagram-img-link' style=\"height:65px !important; width:65px; line-height:65px; font-size:65px;\"><span class=\"fts-instagram-icon\" style=\"height:65px; width:65px; line-height:65px; font-size:65px;\"><\/span><\/a>\n                        \n                        <div class='slicker-date'>\n\n                            <div class=\"fts-insta-date-popup-grab\">\n                            2 years ago                            <\/div>\n                        <\/div>\n                    <div class='slicker-instaG-backg-link'>\n\n                        <div class='slicker-instaG-photoshadow'><\/div>\n                    <\/div>\n                        <div class=\"fts-insta-likes-comments-grab-popup\">\n\n                                                    <\/div>\n                <\/div>\n                    <\/div>\t\t\t\t\t\t\t\t\t\t<script>\n\t\t\t\t\t\/\/ This needs to load here below the feed to load properly for\n\t\t\t\t\t\/\/ Elementor page preview, and also some types of tabs that use js to load.\n\t\t\t\t\tdocument.addEventListener(\"DOMContentLoaded\", function(event) {\n\t\t\t\t\t\tif (typeof slickremixImageResizing === 'function') {\n\t\t\t\t\t\t\tslickremixImageResizing();\n\t\t\t\t\t\t}\n\t\t\t\t\t\tif (typeof ftsShare === 'function') {\n\t\t\t\t\t\t\tftsShare();\n\t\t\t\t\t\t}\n\t\t\t\t\t});\n\t\t\t\t<\/script>\n\t\t\t\tFeatured Story Lorem ipsum dolor sit consectetur adipiscing elit. Proin eget tortor risus. Praesent sapien massa, convallis a pellentesque nec, egestas non nisi. Curabitur aliquet quam [&hellip;]<\/p>\n","protected":false},"author":1,"featured_media":0,"parent":0,"menu_order":0,"comment_status":"closed","ping_status":"open","template":"","meta":{"_et_pb_use_builder":"on","_et_pb_old_content":"<p>This is an example page. It's different from a blog post because it will stay in one place and will show up in your site navigation (in most themes). Most people start with an About page that introduces them to potential site visitors. It might say something like this:<\/p>\n<blockquote>\n<p>Hi there! I'm a bike messenger by day, aspiring actor by night, and this is my website. I live in Los Angeles, have a great dog named Jack, and I like pi\u00f1a coladas. (And gettin' caught in the rain.)<\/p>\n<\/blockquote>\n<p>...or something like this:<\/p>\n<blockquote>\n<p>The XYZ Doohickey Company was founded in 1971, and has been providing quality doohickeys to the public ever since. Located in Gotham City, XYZ employs over 2,000 people and does all kinds of awesome things for the Gotham community.<\/p>\n<\/blockquote>\n<p>As a new WordPress user, you should go to <a href=\"http:\/\/wp452m.a10-52-158-154.qa.plesk.ru\/wordpress\/wp-admin\/\">your dashboard<\/a> to delete this page and create new pages for your content. Have fun!<\/p>\n\n<!-- wp:core-embed\/twitter {\"url\":\"https:\/\/twitter.com\/JaimesLlibreria\",\"type\":\"rich\",\"providerNameSlug\":\"twitter\",\"className\":\"\"} -->\n<figure class=\"wp-block-embed-twitter wp-block-embed is-type-rich is-provider-twitter\"><div class=\"wp-block-embed__wrapper\">\nhttps:\/\/twitter.com\/JaimesLlibreria\n<\/div><\/figure>\n<!-- \/wp:core-embed\/twitter -->","_et_gb_content_width":"1080","footnotes":""},"class_list":["post-2","page","type-page","status-publish","hentry"],"_links":{"self":[{"href":"https:\/\/journal.jaimes.cat\/index.php?rest_route=\/wp\/v2\/pages\/2","targetHints":{"allow":["GET"]}}],"collection":[{"href":"https:\/\/journal.jaimes.cat\/index.php?rest_route=\/wp\/v2\/pages"}],"about":[{"href":"https:\/\/journal.jaimes.cat\/index.php?rest_route=\/wp\/v2\/types\/page"}],"author":[{"embeddable":true,"href":"https:\/\/journal.jaimes.cat\/index.php?rest_route=\/wp\/v2\/users\/1"}],"replies":[{"embeddable":true,"href":"https:\/\/journal.jaimes.cat\/index.php?rest_route=%2Fwp%2Fv2%2Fcomments&post=2"}],"version-history":[{"count":41,"href":"https:\/\/journal.jaimes.cat\/index.php?rest_route=\/wp\/v2\/pages\/2\/revisions"}],"predecessor-version":[{"id":971,"href":"https:\/\/journal.jaimes.cat\/index.php?rest_route=\/wp\/v2\/pages\/2\/revisions\/971"}],"wp:attachment":[{"href":"https:\/\/journal.jaimes.cat\/index.php?rest_route=%2Fwp%2Fv2%2Fmedia&parent=2"}],"curies":[{"name":"wp","href":"https:\/\/api.w.org\/{rel}","templated":true}]}}